{"id":398,"date":"2016-09-10T22:18:06","date_gmt":"2016-09-10T20:18:06","guid":{"rendered":"http:\/\/www.rockin-and-rollin.de\/wordpress\/?page_id=398"},"modified":"2023-10-26T18:09:10","modified_gmt":"2023-10-26T16:09:10","slug":"lifestyle","status":"publish","type":"page","link":"http:\/\/www.rockin-and-rollin.de\/wordpress\/lifestyle\/","title":{"rendered":"Lifestyle"},"content":{"rendered":"<div id=\"pl-398\"  class=\"panel-layout\" ><div id=\"pg-398-0\"  class=\"panel-grid panel-no-style\" ><div id=\"pgc-398-0-0\"  class=\"panel-grid-cell\" ><div id=\"panel-398-0-0-0\" class=\"so-panel widget widget_colormag_featured_posts_slider_widget widget_featured_slider widget_featured_meta panel-first-child\" data-index=\"0\" >\t\t<div class=\"widget_featured_slider_inner_wrap clearfix\">\n\t\t\t\t\t\t\t<div class=\"widget_slider_area_rotate\">\n\t\t\t\t\t\t\t\t\t<div class=\"single-slide displayblock\">\n\t\t\t\t\t\t<figure class=\"slider-featured-image\"><a href=\"http:\/\/www.rockin-and-rollin.de\/wordpress\/mosaik-massaker\/\" title=\"Mosaik Massaker &#8211; Mosaikkunst aus dem Bereich Rockabilly, Kustom Kultur und der Hot Rod Szene\"><img loading=\"lazy\" decoding=\"async\" width=\"1400\" height=\"600\" src=\"http:\/\/www.rockin-and-rollin.de\/wordpress\/wp-content\/uploads\/2024\/03\/S1051883-1400x600.jpg\" class=\"attachment-colormag-featured-image-large size-colormag-featured-image-large wp-post-image\" alt=\"Mosaik Massaker &#8211; Mosaikkunst aus dem Bereich Rockabilly, Kustom Kultur und der Hot Rod Szene\" title=\"Mosaik Massaker &#8211; Mosaikkunst aus dem Bereich Rockabilly, Kustom Kultur und der Hot Rod Szene\" \/><\/a><\/figure>\t\t\t\t\t\t<div class=\"slide-content\">\n\t\t\t\t\t\t\t<div class=\"above-entry-meta\"><span class=\"cat-links\"><a href=\"http:\/\/www.rockin-and-rollin.de\/wordpress\/category\/lifestyle\/round_about\/kunst\/\" style=\"background:#b28029\" rel=\"category tag\">Kunst<\/a>&nbsp;<a href=\"http:\/\/www.rockin-and-rollin.de\/wordpress\/category\/lifestyle\/\" style=\"background:#5d966e\" rel=\"category tag\">Lifestyle<\/a>&nbsp;<a href=\"http:\/\/www.rockin-and-rollin.de\/wordpress\/category\/lifestyle\/round_about\/\" style=\"background:#5e5010\" rel=\"category tag\">Round about ...<\/a>&nbsp;<\/span><\/div>\t\t\t\t\t\t\t<h3 class=\"entry-title\">\n\t\t\t\t\t\t\t\t<a href=\"http:\/\/www.rockin-and-rollin.de\/wordpress\/mosaik-massaker\/\" title=\"Mosaik Massaker &#8211; Mosaikkunst aus dem Bereich Rockabilly, Kustom Kultur und der Hot Rod Szene\">Mosaik Massaker &#8211; Mosaikkunst aus dem Bereich Rockabilly, Kustom Kultur und der Hot Rod Szene<\/a>\n\t\t\t\t\t\t\t<\/h3>\n\t\t\t\t\t\t\t<div class=\"below-entry-meta\">\n\t\t\t\t\t\t\t\t<span class=\"posted-on\"><a href=\"http:\/\/www.rockin-and-rollin.de\/wordpress\/mosaik-massaker\/\" title=\"11:03\" rel=\"bookmark\"><i class=\"fa fa-calendar-o\"><\/i> <time class=\"entry-date published\" datetime=\"2024-03-11T11:03:06+01:00\">11\/03\/2024<\/time><\/a><\/span>\t\t\t\t\t\t\t\t<span class=\"byline\"><span class=\"author vcard\"><i class=\"fa fa-user\"><\/i><a class=\"url fn n\" href=\"http:\/\/www.rockin-and-rollin.de\/wordpress\/author\/chris\/\" title=\"Chris\">Chris<\/a><\/span><\/span>\n\t\t\t\t\t\t\t\t<span class=\"comments\"><i class=\"fa fa-comment\"><\/i><span>Kommentare deaktiviert<span class=\"screen-reader-text\"> f\u00fcr Mosaik Massaker &#8211; Mosaikkunst aus dem Bereich Rockabilly, Kustom Kultur und der Hot Rod Szene<\/span><\/span><\/span>\n\t\t\t\t\t\t\t<\/div>\n\t\t\t\t\t\t<\/div>\n\n\t\t\t\t\t<\/div>\n\t\t\t\t\t\t\t\t\t<div class=\"single-slide displaynone\">\n\t\t\t\t\t\t<figure class=\"slider-featured-image\"><a href=\"http:\/\/www.rockin-and-rollin.de\/wordpress\/rockin-and-rollin-band-3\/\" title=\"rockin&#8216; and rollin&#8216; Band 3: Let&#8217;s go jetzt erschienen!\"><img loading=\"lazy\" decoding=\"async\" width=\"1400\" height=\"600\" src=\"http:\/\/www.rockin-and-rollin.de\/wordpress\/wp-content\/uploads\/2023\/10\/cover-ebook-1400x600.jpg\" class=\"attachment-colormag-featured-image-large size-colormag-featured-image-large wp-post-image\" alt=\"rockin&#8216; and rollin&#8216; Band 3: Let&#8217;s go jetzt erschienen!\" title=\"rockin&#8216; and rollin&#8216; Band 3: Let&#8217;s go jetzt erschienen!\" \/><\/a><\/figure>\t\t\t\t\t\t<div class=\"slide-content\">\n\t\t\t\t\t\t\t<div class=\"above-entry-meta\"><span class=\"cat-links\"><a href=\"http:\/\/www.rockin-and-rollin.de\/wordpress\/category\/lifestyle\/\" style=\"background:#5d966e\" rel=\"category tag\">Lifestyle<\/a>&nbsp;<a href=\"http:\/\/www.rockin-and-rollin.de\/wordpress\/category\/lifestyle\/round_about\/literatur\/\"  rel=\"category tag\">Literatur<\/a>&nbsp;<\/span><\/div>\t\t\t\t\t\t\t<h3 class=\"entry-title\">\n\t\t\t\t\t\t\t\t<a href=\"http:\/\/www.rockin-and-rollin.de\/wordpress\/rockin-and-rollin-band-3\/\" title=\"rockin&#8216; and rollin&#8216; Band 3: Let&#8217;s go jetzt erschienen!\">rockin&#8216; and rollin&#8216; Band 3: Let&#8217;s go jetzt erschienen!<\/a>\n\t\t\t\t\t\t\t<\/h3>\n\t\t\t\t\t\t\t<div class=\"below-entry-meta\">\n\t\t\t\t\t\t\t\t<span class=\"posted-on\"><a href=\"http:\/\/www.rockin-and-rollin.de\/wordpress\/rockin-and-rollin-band-3\/\" title=\"17:44\" rel=\"bookmark\"><i class=\"fa fa-calendar-o\"><\/i> <time class=\"entry-date published\" datetime=\"2023-10-26T17:44:35+02:00\">26\/10\/2023<\/time><\/a><\/span>\t\t\t\t\t\t\t\t<span class=\"byline\"><span class=\"author vcard\"><i class=\"fa fa-user\"><\/i><a class=\"url fn n\" href=\"http:\/\/www.rockin-and-rollin.de\/wordpress\/author\/chris\/\" title=\"Chris\">Chris<\/a><\/span><\/span>\n\t\t\t\t\t\t\t\t<span class=\"comments\"><i class=\"fa fa-comment\"><\/i><a href=\"http:\/\/www.rockin-and-rollin.de\/wordpress\/rockin-and-rollin-band-3\/#respond\">0<\/a><\/span>\n\t\t\t\t\t\t\t<\/div>\n\t\t\t\t\t\t<\/div>\n\n\t\t\t\t\t<\/div>\n\t\t\t\t\t\t\t\t\t<div class=\"single-slide displaynone\">\n\t\t\t\t\t\t<figure class=\"slider-featured-image\"><a href=\"http:\/\/www.rockin-and-rollin.de\/wordpress\/rockaphoto\/\" title=\"auf ein Bier mit Johnny von Rockaphoto\"><img loading=\"lazy\" decoding=\"async\" width=\"1134\" height=\"600\" src=\"http:\/\/www.rockin-and-rollin.de\/wordpress\/wp-content\/uploads\/2023\/07\/ich-1134x600.jpg\" class=\"attachment-colormag-featured-image-large size-colormag-featured-image-large wp-post-image\" alt=\"auf ein Bier mit Johnny von Rockaphoto\" title=\"auf ein Bier mit Johnny von Rockaphoto\" srcset=\"http:\/\/www.rockin-and-rollin.de\/wordpress\/wp-content\/uploads\/2023\/07\/ich-1134x600.jpg 1134w, http:\/\/www.rockin-and-rollin.de\/wordpress\/wp-content\/uploads\/2023\/07\/ich-390x205.jpg 390w\" sizes=\"(max-width: 1134px) 100vw, 1134px\" \/><\/a><\/figure>\t\t\t\t\t\t<div class=\"slide-content\">\n\t\t\t\t\t\t\t<div class=\"above-entry-meta\"><span class=\"cat-links\"><a href=\"http:\/\/www.rockin-and-rollin.de\/wordpress\/category\/musik\/interviews\/\" style=\"background:#d16030\" rel=\"category tag\">Auf ein Bier ...<\/a>&nbsp;<a href=\"http:\/\/www.rockin-and-rollin.de\/wordpress\/category\/lifestyle\/round_about\/kunst\/\" style=\"background:#b28029\" rel=\"category tag\">Kunst<\/a>&nbsp;<a href=\"http:\/\/www.rockin-and-rollin.de\/wordpress\/category\/lifestyle\/\" style=\"background:#5d966e\" rel=\"category tag\">Lifestyle<\/a>&nbsp;<a href=\"http:\/\/www.rockin-and-rollin.de\/wordpress\/category\/lifestyle\/round_about\/\" style=\"background:#5e5010\" rel=\"category tag\">Round about ...<\/a>&nbsp;<\/span><\/div>\t\t\t\t\t\t\t<h3 class=\"entry-title\">\n\t\t\t\t\t\t\t\t<a href=\"http:\/\/www.rockin-and-rollin.de\/wordpress\/rockaphoto\/\" title=\"auf ein Bier mit Johnny von Rockaphoto\">auf ein Bier mit Johnny von Rockaphoto<\/a>\n\t\t\t\t\t\t\t<\/h3>\n\t\t\t\t\t\t\t<div class=\"below-entry-meta\">\n\t\t\t\t\t\t\t\t<span class=\"posted-on\"><a href=\"http:\/\/www.rockin-and-rollin.de\/wordpress\/rockaphoto\/\" title=\"19:59\" rel=\"bookmark\"><i class=\"fa fa-calendar-o\"><\/i> <time class=\"entry-date published\" datetime=\"2023-07-25T19:59:47+02:00\">25\/07\/2023<\/time><\/a><\/span>\t\t\t\t\t\t\t\t<span class=\"byline\"><span class=\"author vcard\"><i class=\"fa fa-user\"><\/i><a class=\"url fn n\" href=\"http:\/\/www.rockin-and-rollin.de\/wordpress\/author\/chris\/\" title=\"Chris\">Chris<\/a><\/span><\/span>\n\t\t\t\t\t\t\t\t<span class=\"comments\"><i class=\"fa fa-comment\"><\/i><span>Kommentare deaktiviert<span class=\"screen-reader-text\"> f\u00fcr auf ein Bier mit Johnny von Rockaphoto<\/span><\/span><\/span>\n\t\t\t\t\t\t\t<\/div>\n\t\t\t\t\t\t<\/div>\n\n\t\t\t\t\t<\/div>\n\t\t\t\t\t\t\t\t\t<div class=\"single-slide displaynone\">\n\t\t\t\t\t\t<figure class=\"slider-featured-image\"><a href=\"http:\/\/www.rockin-and-rollin.de\/wordpress\/der-petticoat\/\" title=\"Der Petticoat &#8211; ein Interview mit Petra M\u00fcller vom mainstreet Vintage Shop\"><img loading=\"lazy\" decoding=\"async\" width=\"945\" height=\"600\" src=\"http:\/\/www.rockin-and-rollin.de\/wordpress\/wp-content\/uploads\/2023\/03\/petra3-945x600.jpg\" class=\"attachment-colormag-featured-image-large size-colormag-featured-image-large wp-post-image\" alt=\"Der Petticoat &#8211; ein Interview mit Petra M\u00fcller vom mainstreet Vintage Shop\" title=\"Der Petticoat &#8211; ein Interview mit Petra M\u00fcller vom mainstreet Vintage Shop\" srcset=\"http:\/\/www.rockin-and-rollin.de\/wordpress\/wp-content\/uploads\/2023\/03\/petra3-945x600.jpg 945w, http:\/\/www.rockin-and-rollin.de\/wordpress\/wp-content\/uploads\/2023\/03\/petra3-200x128.jpg 200w\" sizes=\"(max-width: 945px) 100vw, 945px\" \/><\/a><\/figure>\t\t\t\t\t\t<div class=\"slide-content\">\n\t\t\t\t\t\t\t<div class=\"above-entry-meta\"><span class=\"cat-links\"><a href=\"http:\/\/www.rockin-and-rollin.de\/wordpress\/category\/frau-schmitz-schreibt\/\" style=\"background:#e125e8\" rel=\"category tag\">Frau Schmitz schreibt<\/a>&nbsp;<a href=\"http:\/\/www.rockin-and-rollin.de\/wordpress\/category\/lifestyle\/round_about\/kleidungaccessories\/\" style=\"background:#bcaf1a\" rel=\"category tag\">Kleidung\/Accessories<\/a>&nbsp;<a href=\"http:\/\/www.rockin-and-rollin.de\/wordpress\/category\/lifestyle\/\" style=\"background:#5d966e\" rel=\"category tag\">Lifestyle<\/a>&nbsp;<a href=\"http:\/\/www.rockin-and-rollin.de\/wordpress\/category\/lifestyle\/round_about\/\" style=\"background:#5e5010\" rel=\"category tag\">Round about ...<\/a>&nbsp;<\/span><\/div>\t\t\t\t\t\t\t<h3 class=\"entry-title\">\n\t\t\t\t\t\t\t\t<a href=\"http:\/\/www.rockin-and-rollin.de\/wordpress\/der-petticoat\/\" title=\"Der Petticoat &#8211; ein Interview mit Petra M\u00fcller vom mainstreet Vintage Shop\">Der Petticoat &#8211; ein Interview mit Petra M\u00fcller vom mainstreet Vintage Shop<\/a>\n\t\t\t\t\t\t\t<\/h3>\n\t\t\t\t\t\t\t<div class=\"below-entry-meta\">\n\t\t\t\t\t\t\t\t<span class=\"posted-on\"><a href=\"http:\/\/www.rockin-and-rollin.de\/wordpress\/der-petticoat\/\" title=\"14:57\" rel=\"bookmark\"><i class=\"fa fa-calendar-o\"><\/i> <time class=\"entry-date published\" datetime=\"2023-03-25T14:57:17+01:00\">25\/03\/2023<\/time><\/a><\/span>\t\t\t\t\t\t\t\t<span class=\"byline\"><span class=\"author vcard\"><i class=\"fa fa-user\"><\/i><a class=\"url fn n\" href=\"http:\/\/www.rockin-and-rollin.de\/wordpress\/author\/chris\/\" title=\"Chris\">Chris<\/a><\/span><\/span>\n\t\t\t\t\t\t\t\t<span class=\"comments\"><i class=\"fa fa-comment\"><\/i><span>Kommentare deaktiviert<span class=\"screen-reader-text\"> f\u00fcr Der Petticoat &#8211; ein Interview mit Petra M\u00fcller vom mainstreet Vintage Shop<\/span><\/span><\/span>\n\t\t\t\t\t\t\t<\/div>\n\t\t\t\t\t\t<\/div>\n\n\t\t\t\t\t<\/div>\n\t\t\t\t\t\t\t\t\t<div class=\"single-slide displaynone\">\n\t\t\t\t\t\t<figure class=\"slider-featured-image\"><a href=\"http:\/\/www.rockin-and-rollin.de\/wordpress\/chrome-hunters-hamburg\/\" title=\"Chrome Hunters Hamburg &#8211; US-Cars, Muscle Cars, Hot Rods und Classic Cars.\"><img loading=\"lazy\" decoding=\"async\" width=\"949\" height=\"504\" src=\"http:\/\/www.rockin-and-rollin.de\/wordpress\/wp-content\/uploads\/2023\/02\/neu.jpg\" class=\"attachment-colormag-featured-image-large size-colormag-featured-image-large wp-post-image\" alt=\"Chrome Hunters Hamburg &#8211; US-Cars, Muscle Cars, Hot Rods und Classic Cars.\" title=\"Chrome Hunters Hamburg &#8211; US-Cars, Muscle Cars, Hot Rods und Classic Cars.\" srcset=\"http:\/\/www.rockin-and-rollin.de\/wordpress\/wp-content\/uploads\/2023\/02\/neu.jpg 949w, http:\/\/www.rockin-and-rollin.de\/wordpress\/wp-content\/uploads\/2023\/02\/neu-300x159.jpg 300w, http:\/\/www.rockin-and-rollin.de\/wordpress\/wp-content\/uploads\/2023\/02\/neu-768x408.jpg 768w, http:\/\/www.rockin-and-rollin.de\/wordpress\/wp-content\/uploads\/2023\/02\/neu-200x106.jpg 200w\" sizes=\"(max-width: 949px) 100vw, 949px\" \/><\/a><\/figure>\t\t\t\t\t\t<div class=\"slide-content\">\n\t\t\t\t\t\t\t<div class=\"above-entry-meta\"><span class=\"cat-links\"><a href=\"http:\/\/www.rockin-and-rollin.de\/wordpress\/category\/lifestyle\/autos\/\" style=\"background:#738943\" rel=\"category tag\">Hei\u00dfe Schlitten<\/a>&nbsp;<a href=\"http:\/\/www.rockin-and-rollin.de\/wordpress\/category\/lifestyle\/\" style=\"background:#5d966e\" rel=\"category tag\">Lifestyle<\/a>&nbsp;<a href=\"http:\/\/www.rockin-and-rollin.de\/wordpress\/category\/lifestyle\/round_about\/\" style=\"background:#5e5010\" rel=\"category tag\">Round about ...<\/a>&nbsp;<\/span><\/div>\t\t\t\t\t\t\t<h3 class=\"entry-title\">\n\t\t\t\t\t\t\t\t<a href=\"http:\/\/www.rockin-and-rollin.de\/wordpress\/chrome-hunters-hamburg\/\" title=\"Chrome Hunters Hamburg &#8211; US-Cars, Muscle Cars, Hot Rods und Classic Cars.\">Chrome Hunters Hamburg &#8211; US-Cars, Muscle Cars, Hot Rods und Classic Cars.<\/a>\n\t\t\t\t\t\t\t<\/h3>\n\t\t\t\t\t\t\t<div class=\"below-entry-meta\">\n\t\t\t\t\t\t\t\t<span class=\"posted-on\"><a href=\"http:\/\/www.rockin-and-rollin.de\/wordpress\/chrome-hunters-hamburg\/\" title=\"18:51\" rel=\"bookmark\"><i class=\"fa fa-calendar-o\"><\/i> <time class=\"entry-date published\" datetime=\"2023-02-18T18:51:33+01:00\">18\/02\/2023<\/time><\/a><\/span>\t\t\t\t\t\t\t\t<span class=\"byline\"><span class=\"author vcard\"><i class=\"fa fa-user\"><\/i><a class=\"url fn n\" href=\"http:\/\/www.rockin-and-rollin.de\/wordpress\/author\/chris\/\" title=\"Chris\">Chris<\/a><\/span><\/span>\n\t\t\t\t\t\t\t\t<span class=\"comments\"><i class=\"fa fa-comment\"><\/i><span>Kommentare deaktiviert<span class=\"screen-reader-text\"> f\u00fcr Chrome Hunters Hamburg &#8211; US-Cars, Muscle Cars, Hot Rods und Classic Cars.<\/span><\/span><\/span>\n\t\t\t\t\t\t\t<\/div>\n\t\t\t\t\t\t<\/div>\n\n\t\t\t\t\t<\/div>\n\t\t\t\t\t\t\t<\/div>\n\t\t<\/div>\n\t\t<\/div><div id=\"panel-398-0-0-1\" class=\"so-panel widget widget_colormag_featured_posts_widget widget_featured_posts widget_featured_meta\" data-index=\"1\" >\t\t<h3 class=\"widget-title\" style=\"border-bottom-color:#5e5010;\"><span style=\"background-color:#5e5010;\">Round about &#8230;<\/span><a href=\"http:\/\/www.rockin-and-rollin.de\/wordpress\/category\/lifestyle\/round_about\/\" class=\"view-all-link\">View All<\/a><\/h3>\t\t\t\t\t\t\t\t<div class=\"first-post\">\t\t\t\t\t<div class=\"single-article clearfix\">\n\t\t\t\t\t\t<figure><a href=\"http:\/\/www.rockin-and-rollin.de\/wordpress\/mosaik-massaker\/\" title=\"Mosaik Massaker &#8211; Mosaikkunst aus dem Bereich Rockabilly, Kustom Kultur und der Hot Rod Szene\"><img loading=\"lazy\" decoding=\"async\" width=\"390\" height=\"205\" src=\"http:\/\/www.rockin-and-rollin.de\/wordpress\/wp-content\/uploads\/2024\/03\/S1051883-390x205.jpg\" class=\"attachment-colormag-featured-post-medium size-colormag-featured-post-medium wp-post-image\" alt=\"Mosaik Massaker &#8211; Mosaikkunst aus dem Bereich Rockabilly, Kustom Kultur und der Hot Rod Szene\" title=\"Mosaik Massaker &#8211; Mosaikkunst aus dem Bereich Rockabilly, Kustom Kultur und der Hot Rod Szene\" \/><\/a><\/figure>\t\t\t\t\t\t<div class=\"article-content\">\n\t\t\t\t\t\t\t<div class=\"above-entry-meta\"><span class=\"cat-links\"><a href=\"http:\/\/www.rockin-and-rollin.de\/wordpress\/category\/lifestyle\/round_about\/kunst\/\" style=\"background:#b28029\" rel=\"category tag\">Kunst<\/a>&nbsp;<a href=\"http:\/\/www.rockin-and-rollin.de\/wordpress\/category\/lifestyle\/\" style=\"background:#5d966e\" rel=\"category tag\">Lifestyle<\/a>&nbsp;<a href=\"http:\/\/www.rockin-and-rollin.de\/wordpress\/category\/lifestyle\/round_about\/\" style=\"background:#5e5010\" rel=\"category tag\">Round about ...<\/a>&nbsp;<\/span><\/div>\t\t\t\t\t\t\t<h3 class=\"entry-title\">\n\t\t\t\t\t\t\t\t<a href=\"http:\/\/www.rockin-and-rollin.de\/wordpress\/mosaik-massaker\/\" title=\"Mosaik Massaker &#8211; Mosaikkunst aus dem Bereich Rockabilly, Kustom Kultur und der Hot Rod Szene\">Mosaik Massaker &#8211; Mosaikkunst aus dem Bereich Rockabilly, Kustom Kultur und der Hot Rod Szene<\/a>\n\t\t\t\t\t\t\t<\/h3>\n\t\t\t\t\t\t\t<div class=\"below-entry-meta\">\n\t\t\t\t\t\t\t\t<span class=\"posted-on\"><a href=\"http:\/\/www.rockin-and-rollin.de\/wordpress\/mosaik-massaker\/\" title=\"11:03\" rel=\"bookmark\"><i class=\"fa fa-calendar-o\"><\/i> <time class=\"entry-date published\" datetime=\"2024-03-11T11:03:06+01:00\">11\/03\/2024<\/time><\/a><\/span>\t\t\t\t\t\t\t\t<span class=\"byline\"><span class=\"author vcard\"><i class=\"fa fa-user\"><\/i><a class=\"url fn n\" href=\"http:\/\/www.rockin-and-rollin.de\/wordpress\/author\/chris\/\" title=\"Chris\">Chris<\/a><\/span><\/span>\n\t\t\t\t\t\t\t\t<span class=\"comments\"><i class=\"fa fa-comment\"><\/i><span>Kommentare deaktiviert<span class=\"screen-reader-text\"> f\u00fcr Mosaik Massaker &#8211; Mosaikkunst aus dem Bereich Rockabilly, Kustom Kultur und der Hot Rod Szene<\/span><\/span><\/span>\n\t\t\t\t\t\t\t<\/div>\n\t\t\t\t\t\t\t\t\t\t\t\t\t\t<div class=\"entry-content\">\n\t\t\t\t\t\t\t\t<p>Mosaike aus Bruchst\u00fccken von Fliesen, Scherben und aus anderen Gegenst\u00e4nden zu gestalten ist schon eine besondere Art der Kunst. Insbesonders wird es interessant, wenn der K\u00fcnstler seine Motive aus der Gestaltungs- und Formenwelt des Rockabilly, Kustom Kultur und der Hot Rod Szene nimmt. Die Kunstwerke lassen sich sehen und begeistern. So habe ich Mini von Mosaik Massaker ein paar Fragen zu sich und seinen Kunstwerken gestellt.<\/p>\n\t\t\t\t\t\t\t<\/div>\n\t\t\t\t\t\t\t\t\t\t\t\t\t<\/div>\n\n\t\t\t\t\t<\/div>\n\t\t\t\t<\/div>\t\t\t\t\t\t\t\t\t\t\t<div class=\"following-post\">\t\t\t\t\t<div class=\"single-article clearfix\">\n\t\t\t\t\t\t<figure><a href=\"http:\/\/www.rockin-and-rollin.de\/wordpress\/rockaphoto\/\" title=\"auf ein Bier mit Johnny von Rockaphoto\"><img loading=\"lazy\" decoding=\"async\" width=\"130\" height=\"90\" src=\"http:\/\/www.rockin-and-rollin.de\/wordpress\/wp-content\/uploads\/2023\/07\/ich-130x90.jpg\" class=\"attachment-colormag-featured-post-small size-colormag-featured-post-small wp-post-image\" alt=\"auf ein Bier mit Johnny von Rockaphoto\" title=\"auf ein Bier mit Johnny von Rockaphoto\" srcset=\"http:\/\/www.rockin-and-rollin.de\/wordpress\/wp-content\/uploads\/2023\/07\/ich-130x90.jpg 130w, http:\/\/www.rockin-and-rollin.de\/wordpress\/wp-content\/uploads\/2023\/07\/ich-360x250.jpg 360w, http:\/\/www.rockin-and-rollin.de\/wordpress\/wp-content\/uploads\/2023\/07\/ich-392x272.jpg 392w\" sizes=\"(max-width: 130px) 100vw, 130px\" \/><\/a><\/figure>\t\t\t\t\t\t<div class=\"article-content\">\n\t\t\t\t\t\t\t<div class=\"above-entry-meta\"><span class=\"cat-links\"><a href=\"http:\/\/www.rockin-and-rollin.de\/wordpress\/category\/musik\/interviews\/\" style=\"background:#d16030\" rel=\"category tag\">Auf ein Bier ...<\/a>&nbsp;<a href=\"http:\/\/www.rockin-and-rollin.de\/wordpress\/category\/lifestyle\/round_about\/kunst\/\" style=\"background:#b28029\" rel=\"category tag\">Kunst<\/a>&nbsp;<a href=\"http:\/\/www.rockin-and-rollin.de\/wordpress\/category\/lifestyle\/\" style=\"background:#5d966e\" rel=\"category tag\">Lifestyle<\/a>&nbsp;<a href=\"http:\/\/www.rockin-and-rollin.de\/wordpress\/category\/lifestyle\/round_about\/\" style=\"background:#5e5010\" rel=\"category tag\">Round about ...<\/a>&nbsp;<\/span><\/div>\t\t\t\t\t\t\t<h3 class=\"entry-title\">\n\t\t\t\t\t\t\t\t<a href=\"http:\/\/www.rockin-and-rollin.de\/wordpress\/rockaphoto\/\" title=\"auf ein Bier mit Johnny von Rockaphoto\">auf ein Bier mit Johnny von Rockaphoto<\/a>\n\t\t\t\t\t\t\t<\/h3>\n\t\t\t\t\t\t\t<div class=\"below-entry-meta\">\n\t\t\t\t\t\t\t\t<span class=\"posted-on\"><a href=\"http:\/\/www.rockin-and-rollin.de\/wordpress\/rockaphoto\/\" title=\"19:59\" rel=\"bookmark\"><i class=\"fa fa-calendar-o\"><\/i> <time class=\"entry-date published\" datetime=\"2023-07-25T19:59:47+02:00\">25\/07\/2023<\/time><\/a><\/span>\t\t\t\t\t\t\t\t<span class=\"byline\"><span class=\"author vcard\"><i class=\"fa fa-user\"><\/i><a class=\"url fn n\" href=\"http:\/\/www.rockin-and-rollin.de\/wordpress\/author\/chris\/\" title=\"Chris\">Chris<\/a><\/span><\/span>\n\t\t\t\t\t\t\t\t<span class=\"comments\"><i class=\"fa fa-comment\"><\/i><span>Kommentare deaktiviert<span class=\"screen-reader-text\"> f\u00fcr auf ein Bier mit Johnny von Rockaphoto<\/span><\/span><\/span>\n\t\t\t\t\t\t\t<\/div>\n\t\t\t\t\t\t\t\t\t\t\t\t\t<\/div>\n\n\t\t\t\t\t<\/div>\n\t\t\t\t\t\t\t\t\t\t\t\t\t\t\t\t\t\t\t\t<div class=\"single-article clearfix\">\n\t\t\t\t\t\t<figure><a href=\"http:\/\/www.rockin-and-rollin.de\/wordpress\/der-petticoat\/\" title=\"Der Petticoat &#8211; ein Interview mit Petra M\u00fcller vom mainstreet Vintage Shop\"><img loading=\"lazy\" decoding=\"async\" width=\"130\" height=\"90\" src=\"http:\/\/www.rockin-and-rollin.de\/wordpress\/wp-content\/uploads\/2023\/03\/petra3-130x90.jpg\" class=\"attachment-colormag-featured-post-small size-colormag-featured-post-small wp-post-image\" alt=\"Der Petticoat &#8211; ein Interview mit Petra M\u00fcller vom mainstreet Vintage Shop\" title=\"Der Petticoat &#8211; ein Interview mit Petra M\u00fcller vom mainstreet Vintage Shop\" srcset=\"http:\/\/www.rockin-and-rollin.de\/wordpress\/wp-content\/uploads\/2023\/03\/petra3-130x90.jpg 130w, http:\/\/www.rockin-and-rollin.de\/wordpress\/wp-content\/uploads\/2023\/03\/petra3-360x250.jpg 360w, http:\/\/www.rockin-and-rollin.de\/wordpress\/wp-content\/uploads\/2023\/03\/petra3-392x272.jpg 392w\" sizes=\"(max-width: 130px) 100vw, 130px\" \/><\/a><\/figure>\t\t\t\t\t\t<div class=\"article-content\">\n\t\t\t\t\t\t\t<div class=\"above-entry-meta\"><span class=\"cat-links\"><a href=\"http:\/\/www.rockin-and-rollin.de\/wordpress\/category\/frau-schmitz-schreibt\/\" style=\"background:#e125e8\" rel=\"category tag\">Frau Schmitz schreibt<\/a>&nbsp;<a href=\"http:\/\/www.rockin-and-rollin.de\/wordpress\/category\/lifestyle\/round_about\/kleidungaccessories\/\" style=\"background:#bcaf1a\" rel=\"category tag\">Kleidung\/Accessories<\/a>&nbsp;<a href=\"http:\/\/www.rockin-and-rollin.de\/wordpress\/category\/lifestyle\/\" style=\"background:#5d966e\" rel=\"category tag\">Lifestyle<\/a>&nbsp;<a href=\"http:\/\/www.rockin-and-rollin.de\/wordpress\/category\/lifestyle\/round_about\/\" style=\"background:#5e5010\" rel=\"category tag\">Round about ...<\/a>&nbsp;<\/span><\/div>\t\t\t\t\t\t\t<h3 class=\"entry-title\">\n\t\t\t\t\t\t\t\t<a href=\"http:\/\/www.rockin-and-rollin.de\/wordpress\/der-petticoat\/\" title=\"Der Petticoat &#8211; ein Interview mit Petra M\u00fcller vom mainstreet Vintage Shop\">Der Petticoat &#8211; ein Interview mit Petra M\u00fcller vom mainstreet Vintage Shop<\/a>\n\t\t\t\t\t\t\t<\/h3>\n\t\t\t\t\t\t\t<div class=\"below-entry-meta\">\n\t\t\t\t\t\t\t\t<span class=\"posted-on\"><a href=\"http:\/\/www.rockin-and-rollin.de\/wordpress\/der-petticoat\/\" title=\"14:57\" rel=\"bookmark\"><i class=\"fa fa-calendar-o\"><\/i> <time class=\"entry-date published\" datetime=\"2023-03-25T14:57:17+01:00\">25\/03\/2023<\/time><\/a><\/span>\t\t\t\t\t\t\t\t<span class=\"byline\"><span class=\"author vcard\"><i class=\"fa fa-user\"><\/i><a class=\"url fn n\" href=\"http:\/\/www.rockin-and-rollin.de\/wordpress\/author\/chris\/\" title=\"Chris\">Chris<\/a><\/span><\/span>\n\t\t\t\t\t\t\t\t<span class=\"comments\"><i class=\"fa fa-comment\"><\/i><span>Kommentare deaktiviert<span class=\"screen-reader-text\"> f\u00fcr Der Petticoat &#8211; ein Interview mit Petra M\u00fcller vom mainstreet Vintage Shop<\/span><\/span><\/span>\n\t\t\t\t\t\t\t<\/div>\n\t\t\t\t\t\t\t\t\t\t\t\t\t<\/div>\n\n\t\t\t\t\t<\/div>\n\t\t\t\t\t\t\t\t\t\t\t\t\t\t\t\t\t\t\t\t<div class=\"single-article clearfix\">\n\t\t\t\t\t\t<figure><a href=\"http:\/\/www.rockin-and-rollin.de\/wordpress\/chrome-hunters-hamburg\/\" title=\"Chrome Hunters Hamburg &#8211; US-Cars, Muscle Cars, Hot Rods und Classic Cars.\"><img loading=\"lazy\" decoding=\"async\" width=\"130\" height=\"90\" src=\"http:\/\/www.rockin-and-rollin.de\/wordpress\/wp-content\/uploads\/2023\/02\/neu-130x90.jpg\" class=\"attachment-colormag-featured-post-small size-colormag-featured-post-small wp-post-image\" alt=\"Chrome Hunters Hamburg &#8211; US-Cars, Muscle Cars, Hot Rods und Classic Cars.\" title=\"Chrome Hunters Hamburg &#8211; US-Cars, Muscle Cars, Hot Rods und Classic Cars.\" srcset=\"http:\/\/www.rockin-and-rollin.de\/wordpress\/wp-content\/uploads\/2023\/02\/neu-130x90.jpg 130w, http:\/\/www.rockin-and-rollin.de\/wordpress\/wp-content\/uploads\/2023\/02\/neu-360x250.jpg 360w, http:\/\/www.rockin-and-rollin.de\/wordpress\/wp-content\/uploads\/2023\/02\/neu-392x272.jpg 392w\" sizes=\"(max-width: 130px) 100vw, 130px\" \/><\/a><\/figure>\t\t\t\t\t\t<div class=\"article-content\">\n\t\t\t\t\t\t\t<div class=\"above-entry-meta\"><span class=\"cat-links\"><a href=\"http:\/\/www.rockin-and-rollin.de\/wordpress\/category\/lifestyle\/autos\/\" style=\"background:#738943\" rel=\"category tag\">Hei\u00dfe Schlitten<\/a>&nbsp;<a href=\"http:\/\/www.rockin-and-rollin.de\/wordpress\/category\/lifestyle\/\" style=\"background:#5d966e\" rel=\"category tag\">Lifestyle<\/a>&nbsp;<a href=\"http:\/\/www.rockin-and-rollin.de\/wordpress\/category\/lifestyle\/round_about\/\" style=\"background:#5e5010\" rel=\"category tag\">Round about ...<\/a>&nbsp;<\/span><\/div>\t\t\t\t\t\t\t<h3 class=\"entry-title\">\n\t\t\t\t\t\t\t\t<a href=\"http:\/\/www.rockin-and-rollin.de\/wordpress\/chrome-hunters-hamburg\/\" title=\"Chrome Hunters Hamburg &#8211; US-Cars, Muscle Cars, Hot Rods und Classic Cars.\">Chrome Hunters Hamburg &#8211; US-Cars, Muscle Cars, Hot Rods und Classic Cars.<\/a>\n\t\t\t\t\t\t\t<\/h3>\n\t\t\t\t\t\t\t<div class=\"below-entry-meta\">\n\t\t\t\t\t\t\t\t<span class=\"posted-on\"><a href=\"http:\/\/www.rockin-and-rollin.de\/wordpress\/chrome-hunters-hamburg\/\" title=\"18:51\" rel=\"bookmark\"><i class=\"fa fa-calendar-o\"><\/i> <time class=\"entry-date published\" datetime=\"2023-02-18T18:51:33+01:00\">18\/02\/2023<\/time><\/a><\/span>\t\t\t\t\t\t\t\t<span class=\"byline\"><span class=\"author vcard\"><i class=\"fa fa-user\"><\/i><a class=\"url fn n\" href=\"http:\/\/www.rockin-and-rollin.de\/wordpress\/author\/chris\/\" title=\"Chris\">Chris<\/a><\/span><\/span>\n\t\t\t\t\t\t\t\t<span class=\"comments\"><i class=\"fa fa-comment\"><\/i><span>Kommentare deaktiviert<span class=\"screen-reader-text\"> f\u00fcr Chrome Hunters Hamburg &#8211; US-Cars, Muscle Cars, Hot Rods und Classic Cars.<\/span><\/span><\/span>\n\t\t\t\t\t\t\t<\/div>\n\t\t\t\t\t\t\t\t\t\t\t\t\t<\/div>\n\n\t\t\t\t\t<\/div>\n\t\t\t\t\t\t\t\t\t\t\t\t\t\t\t\t\t\t\t\t<div class=\"single-article clearfix\">\n\t\t\t\t\t\t<figure><a href=\"http:\/\/www.rockin-and-rollin.de\/wordpress\/road-rodeo\/\" title=\"Road Rodeo &#8211;  Back to the Roads\"><img loading=\"lazy\" decoding=\"async\" width=\"130\" height=\"90\" src=\"http:\/\/www.rockin-and-rollin.de\/wordpress\/wp-content\/uploads\/2023\/02\/roadrodeo-dave-130x90.jpg\" class=\"attachment-colormag-featured-post-small size-colormag-featured-post-small wp-post-image\" alt=\"Road Rodeo &#8211;  Back to the Roads\" title=\"Road Rodeo &#8211;  Back to the Roads\" srcset=\"http:\/\/www.rockin-and-rollin.de\/wordpress\/wp-content\/uploads\/2023\/02\/roadrodeo-dave-130x90.jpg 130w, http:\/\/www.rockin-and-rollin.de\/wordpress\/wp-content\/uploads\/2023\/02\/roadrodeo-dave-360x250.jpg 360w, http:\/\/www.rockin-and-rollin.de\/wordpress\/wp-content\/uploads\/2023\/02\/roadrodeo-dave-392x272.jpg 392w\" sizes=\"(max-width: 130px) 100vw, 130px\" \/><\/a><\/figure>\t\t\t\t\t\t<div class=\"article-content\">\n\t\t\t\t\t\t\t<div class=\"above-entry-meta\"><span class=\"cat-links\"><a href=\"http:\/\/www.rockin-and-rollin.de\/wordpress\/category\/lifestyle\/round_about\/kleidungaccessories\/\" style=\"background:#bcaf1a\" rel=\"category tag\">Kleidung\/Accessories<\/a>&nbsp;<a href=\"http:\/\/www.rockin-and-rollin.de\/wordpress\/category\/lifestyle\/\" style=\"background:#5d966e\" rel=\"category tag\">Lifestyle<\/a>&nbsp;<a href=\"http:\/\/www.rockin-and-rollin.de\/wordpress\/category\/lifestyle\/round_about\/\" style=\"background:#5e5010\" rel=\"category tag\">Round about ...<\/a>&nbsp;<\/span><\/div>\t\t\t\t\t\t\t<h3 class=\"entry-title\">\n\t\t\t\t\t\t\t\t<a href=\"http:\/\/www.rockin-and-rollin.de\/wordpress\/road-rodeo\/\" title=\"Road Rodeo &#8211;  Back to the Roads\">Road Rodeo &#8211;  Back to the Roads<\/a>\n\t\t\t\t\t\t\t<\/h3>\n\t\t\t\t\t\t\t<div class=\"below-entry-meta\">\n\t\t\t\t\t\t\t\t<span class=\"posted-on\"><a href=\"http:\/\/www.rockin-and-rollin.de\/wordpress\/road-rodeo\/\" title=\"18:49\" rel=\"bookmark\"><i class=\"fa fa-calendar-o\"><\/i> <time class=\"entry-date published\" datetime=\"2023-02-15T18:49:27+01:00\">15\/02\/2023<\/time><\/a><\/span>\t\t\t\t\t\t\t\t<span class=\"byline\"><span class=\"author vcard\"><i class=\"fa fa-user\"><\/i><a class=\"url fn n\" href=\"http:\/\/www.rockin-and-rollin.de\/wordpress\/author\/chris\/\" title=\"Chris\">Chris<\/a><\/span><\/span>\n\t\t\t\t\t\t\t\t<span class=\"comments\"><i class=\"fa fa-comment\"><\/i><span>Kommentare deaktiviert<span class=\"screen-reader-text\"> f\u00fcr Road Rodeo &#8211;  Back to the Roads<\/span><\/span><\/span>\n\t\t\t\t\t\t\t<\/div>\n\t\t\t\t\t\t\t\t\t\t\t\t\t<\/div>\n\n\t\t\t\t\t<\/div>\n\t\t\t\t\t\t\t\t\t\t\t\t\t\t\t\t\t\t\t\t<div class=\"single-article clearfix\">\n\t\t\t\t\t\t<figure><a href=\"http:\/\/www.rockin-and-rollin.de\/wordpress\/nano-barbero\/\" title=\"Nano Barbero &#8211; Rockabilly Kunst aus Spanien\"><img loading=\"lazy\" decoding=\"async\" width=\"130\" height=\"90\" src=\"http:\/\/www.rockin-and-rollin.de\/wordpress\/wp-content\/uploads\/2023\/01\/nano-barbero-130x90.jpg\" class=\"attachment-colormag-featured-post-small size-colormag-featured-post-small wp-post-image\" alt=\"Nano Barbero &#8211; Rockabilly Kunst aus Spanien\" title=\"Nano Barbero &#8211; Rockabilly Kunst aus Spanien\" srcset=\"http:\/\/www.rockin-and-rollin.de\/wordpress\/wp-content\/uploads\/2023\/01\/nano-barbero-130x90.jpg 130w, http:\/\/www.rockin-and-rollin.de\/wordpress\/wp-content\/uploads\/2023\/01\/nano-barbero-392x272.jpg 392w\" sizes=\"(max-width: 130px) 100vw, 130px\" \/><\/a><\/figure>\t\t\t\t\t\t<div class=\"article-content\">\n\t\t\t\t\t\t\t<div class=\"above-entry-meta\"><span class=\"cat-links\"><a href=\"http:\/\/www.rockin-and-rollin.de\/wordpress\/category\/lifestyle\/round_about\/kunst\/\" style=\"background:#b28029\" rel=\"category tag\">Kunst<\/a>&nbsp;<a href=\"http:\/\/www.rockin-and-rollin.de\/wordpress\/category\/lifestyle\/\" style=\"background:#5d966e\" rel=\"category tag\">Lifestyle<\/a>&nbsp;<a href=\"http:\/\/www.rockin-and-rollin.de\/wordpress\/category\/lifestyle\/round_about\/\" style=\"background:#5e5010\" rel=\"category tag\">Round about ...<\/a>&nbsp;<\/span><\/div>\t\t\t\t\t\t\t<h3 class=\"entry-title\">\n\t\t\t\t\t\t\t\t<a href=\"http:\/\/www.rockin-and-rollin.de\/wordpress\/nano-barbero\/\" title=\"Nano Barbero &#8211; Rockabilly Kunst aus Spanien\">Nano Barbero &#8211; Rockabilly Kunst aus Spanien<\/a>\n\t\t\t\t\t\t\t<\/h3>\n\t\t\t\t\t\t\t<div class=\"below-entry-meta\">\n\t\t\t\t\t\t\t\t<span class=\"posted-on\"><a href=\"http:\/\/www.rockin-and-rollin.de\/wordpress\/nano-barbero\/\" title=\"20:26\" rel=\"bookmark\"><i class=\"fa fa-calendar-o\"><\/i> <time class=\"entry-date published\" datetime=\"2023-01-11T20:26:55+01:00\">11\/01\/2023<\/time><\/a><\/span>\t\t\t\t\t\t\t\t<span class=\"byline\"><span class=\"author vcard\"><i class=\"fa fa-user\"><\/i><a class=\"url fn n\" href=\"http:\/\/www.rockin-and-rollin.de\/wordpress\/author\/chris\/\" title=\"Chris\">Chris<\/a><\/span><\/span>\n\t\t\t\t\t\t\t\t<span class=\"comments\"><i class=\"fa fa-comment\"><\/i><span>Kommentare deaktiviert<span class=\"screen-reader-text\"> f\u00fcr Nano Barbero &#8211; Rockabilly Kunst aus Spanien<\/span><\/span><\/span>\n\t\t\t\t\t\t\t<\/div>\n\t\t\t\t\t\t\t\t\t\t\t\t\t<\/div>\n\n\t\t\t\t\t<\/div>\n\t\t\t\t\t\t\t<\/div>\t\t<!-- <\/div> -->\n\t\t<\/div><div id=\"panel-398-0-0-2\" class=\"so-panel widget widget_colormag_featured_posts_widget widget_featured_posts widget_featured_meta\" data-index=\"2\" >\t\t<h3 class=\"widget-title\" style=\"border-bottom-color:;\"><span style=\"background-color:;\">Literatur<\/span><a href=\"http:\/\/www.rockin-and-rollin.de\/wordpress\/category\/lifestyle\/round_about\/literatur\/\" class=\"view-all-link\">View All<\/a><\/h3>\t\t\t\t\t\t\t\t<div class=\"first-post\">\t\t\t\t\t<div class=\"single-article clearfix\">\n\t\t\t\t\t\t<figure><a href=\"http:\/\/www.rockin-and-rollin.de\/wordpress\/rockin-and-rollin-band-3\/\" title=\"rockin&#8216; and rollin&#8216; Band 3: Let&#8217;s go jetzt erschienen!\"><img loading=\"lazy\" decoding=\"async\" width=\"390\" height=\"205\" src=\"http:\/\/www.rockin-and-rollin.de\/wordpress\/wp-content\/uploads\/2023\/10\/cover-ebook-390x205.jpg\" class=\"attachment-colormag-featured-post-medium size-colormag-featured-post-medium wp-post-image\" alt=\"rockin&#8216; and rollin&#8216; Band 3: Let&#8217;s go jetzt erschienen!\" title=\"rockin&#8216; and rollin&#8216; Band 3: Let&#8217;s go jetzt erschienen!\" \/><\/a><\/figure>\t\t\t\t\t\t<div class=\"article-content\">\n\t\t\t\t\t\t\t<div class=\"above-entry-meta\"><span class=\"cat-links\"><a href=\"http:\/\/www.rockin-and-rollin.de\/wordpress\/category\/lifestyle\/\" style=\"background:#5d966e\" rel=\"category tag\">Lifestyle<\/a>&nbsp;<a href=\"http:\/\/www.rockin-and-rollin.de\/wordpress\/category\/lifestyle\/round_about\/literatur\/\"  rel=\"category tag\">Literatur<\/a>&nbsp;<\/span><\/div>\t\t\t\t\t\t\t<h3 class=\"entry-title\">\n\t\t\t\t\t\t\t\t<a href=\"http:\/\/www.rockin-and-rollin.de\/wordpress\/rockin-and-rollin-band-3\/\" title=\"rockin&#8216; and rollin&#8216; Band 3: Let&#8217;s go jetzt erschienen!\">rockin&#8216; and rollin&#8216; Band 3: Let&#8217;s go jetzt erschienen!<\/a>\n\t\t\t\t\t\t\t<\/h3>\n\t\t\t\t\t\t\t<div class=\"below-entry-meta\">\n\t\t\t\t\t\t\t\t<span class=\"posted-on\"><a href=\"http:\/\/www.rockin-and-rollin.de\/wordpress\/rockin-and-rollin-band-3\/\" title=\"17:44\" rel=\"bookmark\"><i class=\"fa fa-calendar-o\"><\/i> <time class=\"entry-date published\" datetime=\"2023-10-26T17:44:35+02:00\">26\/10\/2023<\/time><\/a><\/span>\t\t\t\t\t\t\t\t<span class=\"byline\"><span class=\"author vcard\"><i class=\"fa fa-user\"><\/i><a class=\"url fn n\" href=\"http:\/\/www.rockin-and-rollin.de\/wordpress\/author\/chris\/\" title=\"Chris\">Chris<\/a><\/span><\/span>\n\t\t\t\t\t\t\t\t<span class=\"comments\"><i class=\"fa fa-comment\"><\/i><a href=\"http:\/\/www.rockin-and-rollin.de\/wordpress\/rockin-and-rollin-band-3\/#respond\">0<\/a><\/span>\n\t\t\t\t\t\t\t<\/div>\n\t\t\t\t\t\t\t\t\t\t\t\t\t\t<div class=\"entry-content\">\n\t\t\t\t\t\t\t\t<p>W\u00e4hrend der Coronazeit ging nichts mehr. Die Kulturbranche stand still. Keine Auftritte, keine Events \u2013 nichts ging mehr. Eine Zeit, um sich auf sich selber zu konzentrieren, neue Wege zu finden und eigene Wege neu zu definieren. Nun geht es langsam wieder los. Aber die Basis hat sich durch die Coronazeit ge\u00e4ndert. Die Menschen entscheiden spontaner, zu welchen Events sie gehen oder nicht. Die Zeit der gro\u00dfen Vorverk\u00e4ufe f\u00fcr Veranstaltungen ist vorbei und viele Veranstalter k\u00e4mpfen mit dieser neuen Situation. Sollen sie das Event stattfinden lassen oder doch anhand der schlechten Vorverkaufszahlen die Veranstaltung canceln, bevor sie finanziell in die Verluste gehen. Eine schwierige Situation. Ich hoffe sehr, dass es zuk\u00fcnftig wieder besser f\u00fcr alle kalkulierbar wird. In diesem Band \u00bbLet\u2019s go\u00ab gibt es einen kleinen Einblick in die musikalische Vielfalt der deutschen Rock\u2019n\u2019Roll Szene. Dazu eine Kurzgeschichte von Daniel Wegehaupt und eine Vorstellung zu einigen szenenahen Unternehmen. Letzteres ist mir pers\u00f6nlich wichtig, da es Menschen sind, die eine Idee haben, an ihrer Idee glauben und mit viel harter Arbeit ihre Idee verwirklichen.<\/p>\n\t\t\t\t\t\t\t<\/div>\n\t\t\t\t\t\t\t\t\t\t\t\t\t<\/div>\n\n\t\t\t\t\t<\/div>\n\t\t\t\t<\/div>\t\t\t\t\t\t\t\t\t\t\t<div class=\"following-post\">\t\t\t\t\t<div class=\"single-article clearfix\">\n\t\t\t\t\t\t<figure><a href=\"http:\/\/www.rockin-and-rollin.de\/wordpress\/rockin-and-rollin-band-2\/\" title=\"rockin&#8216; and rollin&#8216; Band 2: Auf dem Alk-A-Billy-Trail jetzt erschienen!\"><img loading=\"lazy\" decoding=\"async\" width=\"130\" height=\"90\" src=\"http:\/\/www.rockin-and-rollin.de\/wordpress\/wp-content\/uploads\/2018\/04\/cover-alk-a-billy-trail-werbung-130x90.jpg\" class=\"attachment-colormag-featured-post-small size-colormag-featured-post-small wp-post-image\" alt=\"rockin&#8216; and rollin&#8216; Band 2: Auf dem Alk-A-Billy-Trail jetzt erschienen!\" title=\"rockin&#8216; and rollin&#8216; Band 2: Auf dem Alk-A-Billy-Trail jetzt erschienen!\" srcset=\"http:\/\/www.rockin-and-rollin.de\/wordpress\/wp-content\/uploads\/2018\/04\/cover-alk-a-billy-trail-werbung-130x90.jpg 130w, http:\/\/www.rockin-and-rollin.de\/wordpress\/wp-content\/uploads\/2018\/04\/cover-alk-a-billy-trail-werbung-392x272.jpg 392w\" sizes=\"(max-width: 130px) 100vw, 130px\" \/><\/a><\/figure>\t\t\t\t\t\t<div class=\"article-content\">\n\t\t\t\t\t\t\t<div class=\"above-entry-meta\"><span class=\"cat-links\"><a href=\"http:\/\/www.rockin-and-rollin.de\/wordpress\/category\/lifestyle\/\" style=\"background:#5d966e\" rel=\"category tag\">Lifestyle<\/a>&nbsp;<a href=\"http:\/\/www.rockin-and-rollin.de\/wordpress\/category\/lifestyle\/round_about\/literatur\/\"  rel=\"category tag\">Literatur<\/a>&nbsp;<\/span><\/div>\t\t\t\t\t\t\t<h3 class=\"entry-title\">\n\t\t\t\t\t\t\t\t<a href=\"http:\/\/www.rockin-and-rollin.de\/wordpress\/rockin-and-rollin-band-2\/\" title=\"rockin&#8216; and rollin&#8216; Band 2: Auf dem Alk-A-Billy-Trail jetzt erschienen!\">rockin&#8216; and rollin&#8216; Band 2: Auf dem Alk-A-Billy-Trail jetzt erschienen!<\/a>\n\t\t\t\t\t\t\t<\/h3>\n\t\t\t\t\t\t\t<div class=\"below-entry-meta\">\n\t\t\t\t\t\t\t\t<span class=\"posted-on\"><a href=\"http:\/\/www.rockin-and-rollin.de\/wordpress\/rockin-and-rollin-band-2\/\" title=\"16:38\" rel=\"bookmark\"><i class=\"fa fa-calendar-o\"><\/i> <time class=\"entry-date published\" datetime=\"2018-04-22T16:38:34+02:00\">22\/04\/2018<\/time><\/a><\/span>\t\t\t\t\t\t\t\t<span class=\"byline\"><span class=\"author vcard\"><i class=\"fa fa-user\"><\/i><a class=\"url fn n\" href=\"http:\/\/www.rockin-and-rollin.de\/wordpress\/author\/chris\/\" title=\"Chris\">Chris<\/a><\/span><\/span>\n\t\t\t\t\t\t\t\t<span class=\"comments\"><i class=\"fa fa-comment\"><\/i><a href=\"http:\/\/www.rockin-and-rollin.de\/wordpress\/rockin-and-rollin-band-2\/#respond\">0<\/a><\/span>\n\t\t\t\t\t\t\t<\/div>\n\t\t\t\t\t\t\t\t\t\t\t\t\t<\/div>\n\n\t\t\t\t\t<\/div>\n\t\t\t\t\t\t\t\t\t\t\t\t\t\t\t\t\t\t\t\t<div class=\"single-article clearfix\">\n\t\t\t\t\t\t<figure><a href=\"http:\/\/www.rockin-and-rollin.de\/wordpress\/rockin-and-rollin-band-1-keep-rockin-jetzt-als-taschenbuch-und-als-ebook-bei-amazon\/\" title=\"rockin&#8216; and rollin&#8216; Band 1: keep rockin&#8216; jetzt erschienen!\"><img loading=\"lazy\" decoding=\"async\" width=\"130\" height=\"90\" src=\"http:\/\/www.rockin-and-rollin.de\/wordpress\/wp-content\/uploads\/2017\/12\/cover-keep-rockin-ebook-klein-130x90.jpg\" class=\"attachment-colormag-featured-post-small size-colormag-featured-post-small wp-post-image\" alt=\"rockin&#8216; and rollin&#8216; Band 1: keep rockin&#8216; jetzt erschienen!\" title=\"rockin&#8216; and rollin&#8216; Band 1: keep rockin&#8216; jetzt erschienen!\" srcset=\"http:\/\/www.rockin-and-rollin.de\/wordpress\/wp-content\/uploads\/2017\/12\/cover-keep-rockin-ebook-klein-130x90.jpg 130w, http:\/\/www.rockin-and-rollin.de\/wordpress\/wp-content\/uploads\/2017\/12\/cover-keep-rockin-ebook-klein-300x205.jpg 300w\" sizes=\"(max-width: 130px) 100vw, 130px\" \/><\/a><\/figure>\t\t\t\t\t\t<div class=\"article-content\">\n\t\t\t\t\t\t\t<div class=\"above-entry-meta\"><span class=\"cat-links\"><a href=\"http:\/\/www.rockin-and-rollin.de\/wordpress\/category\/lifestyle\/\" style=\"background:#5d966e\" rel=\"category tag\">Lifestyle<\/a>&nbsp;<a href=\"http:\/\/www.rockin-and-rollin.de\/wordpress\/category\/lifestyle\/round_about\/literatur\/\"  rel=\"category tag\">Literatur<\/a>&nbsp;<\/span><\/div>\t\t\t\t\t\t\t<h3 class=\"entry-title\">\n\t\t\t\t\t\t\t\t<a href=\"http:\/\/www.rockin-and-rollin.de\/wordpress\/rockin-and-rollin-band-1-keep-rockin-jetzt-als-taschenbuch-und-als-ebook-bei-amazon\/\" title=\"rockin&#8216; and rollin&#8216; Band 1: keep rockin&#8216; jetzt erschienen!\">rockin&#8216; and rollin&#8216; Band 1: keep rockin&#8216; jetzt erschienen!<\/a>\n\t\t\t\t\t\t\t<\/h3>\n\t\t\t\t\t\t\t<div class=\"below-entry-meta\">\n\t\t\t\t\t\t\t\t<span class=\"posted-on\"><a href=\"http:\/\/www.rockin-and-rollin.de\/wordpress\/rockin-and-rollin-band-1-keep-rockin-jetzt-als-taschenbuch-und-als-ebook-bei-amazon\/\" title=\"14:53\" rel=\"bookmark\"><i class=\"fa fa-calendar-o\"><\/i> <time class=\"entry-date published\" datetime=\"2017-12-10T14:53:37+01:00\">10\/12\/2017<\/time><\/a><\/span>\t\t\t\t\t\t\t\t<span class=\"byline\"><span class=\"author vcard\"><i class=\"fa fa-user\"><\/i><a class=\"url fn n\" href=\"http:\/\/www.rockin-and-rollin.de\/wordpress\/author\/chris\/\" title=\"Chris\">Chris<\/a><\/span><\/span>\n\t\t\t\t\t\t\t\t<span class=\"comments\"><i class=\"fa fa-comment\"><\/i><a href=\"http:\/\/www.rockin-and-rollin.de\/wordpress\/rockin-and-rollin-band-1-keep-rockin-jetzt-als-taschenbuch-und-als-ebook-bei-amazon\/#respond\">0<\/a><\/span>\n\t\t\t\t\t\t\t<\/div>\n\t\t\t\t\t\t\t\t\t\t\t\t\t<\/div>\n\n\t\t\t\t\t<\/div>\n\t\t\t\t\t\t\t\t\t\t\t\t\t\t\t\t\t\t\t\t<div class=\"single-article clearfix\">\n\t\t\t\t\t\t<figure><a href=\"http:\/\/www.rockin-and-rollin.de\/wordpress\/im-gespraech-mit-michael-niehage-the-unleashed-das-rocknroll-magazin\/\" title=\"Im Gespr\u00e4ch mit Michael Niehage &#8211; \u00bbThe Unleashed &#8211; Das Rock\u2019n\u2019Roll Magazin\u00ab\"><img loading=\"lazy\" decoding=\"async\" width=\"130\" height=\"90\" src=\"http:\/\/www.rockin-and-rollin.de\/wordpress\/wp-content\/uploads\/2017\/08\/unleashed-klein-130x90.png\" class=\"attachment-colormag-featured-post-small size-colormag-featured-post-small wp-post-image\" alt=\"Im Gespr\u00e4ch mit Michael Niehage &#8211; \u00bbThe Unleashed &#8211; Das Rock\u2019n\u2019Roll Magazin\u00ab\" title=\"Im Gespr\u00e4ch mit Michael Niehage &#8211; \u00bbThe Unleashed &#8211; Das Rock\u2019n\u2019Roll Magazin\u00ab\" \/><\/a><\/figure>\t\t\t\t\t\t<div class=\"article-content\">\n\t\t\t\t\t\t\t<div class=\"above-entry-meta\"><span class=\"cat-links\"><a href=\"http:\/\/www.rockin-and-rollin.de\/wordpress\/category\/lifestyle\/\" style=\"background:#5d966e\" rel=\"category tag\">Lifestyle<\/a>&nbsp;<a href=\"http:\/\/www.rockin-and-rollin.de\/wordpress\/category\/lifestyle\/round_about\/literatur\/\"  rel=\"category tag\">Literatur<\/a>&nbsp;<a href=\"http:\/\/www.rockin-and-rollin.de\/wordpress\/category\/lifestyle\/round_about\/\" style=\"background:#5e5010\" rel=\"category tag\">Round about ...<\/a>&nbsp;<\/span><\/div>\t\t\t\t\t\t\t<h3 class=\"entry-title\">\n\t\t\t\t\t\t\t\t<a href=\"http:\/\/www.rockin-and-rollin.de\/wordpress\/im-gespraech-mit-michael-niehage-the-unleashed-das-rocknroll-magazin\/\" title=\"Im Gespr\u00e4ch mit Michael Niehage &#8211; \u00bbThe Unleashed &#8211; Das Rock\u2019n\u2019Roll Magazin\u00ab\">Im Gespr\u00e4ch mit Michael Niehage &#8211; \u00bbThe Unleashed &#8211; Das Rock\u2019n\u2019Roll Magazin\u00ab<\/a>\n\t\t\t\t\t\t\t<\/h3>\n\t\t\t\t\t\t\t<div class=\"below-entry-meta\">\n\t\t\t\t\t\t\t\t<span class=\"posted-on\"><a href=\"http:\/\/www.rockin-and-rollin.de\/wordpress\/im-gespraech-mit-michael-niehage-the-unleashed-das-rocknroll-magazin\/\" title=\"21:31\" rel=\"bookmark\"><i class=\"fa fa-calendar-o\"><\/i> <time class=\"entry-date published\" datetime=\"2017-08-09T21:31:59+02:00\">09\/08\/2017<\/time><\/a><\/span>\t\t\t\t\t\t\t\t<span class=\"byline\"><span class=\"author vcard\"><i class=\"fa fa-user\"><\/i><a class=\"url fn n\" href=\"http:\/\/www.rockin-and-rollin.de\/wordpress\/author\/chris\/\" title=\"Chris\">Chris<\/a><\/span><\/span>\n\t\t\t\t\t\t\t\t<span class=\"comments\"><i class=\"fa fa-comment\"><\/i><a href=\"http:\/\/www.rockin-and-rollin.de\/wordpress\/im-gespraech-mit-michael-niehage-the-unleashed-das-rocknroll-magazin\/#respond\">0<\/a><\/span>\n\t\t\t\t\t\t\t<\/div>\n\t\t\t\t\t\t\t\t\t\t\t\t\t<\/div>\n\n\t\t\t\t\t<\/div>\n\t\t\t\t\t\t\t\t\t\t\t\t\t\t\t\t\t\t\t\t<div class=\"single-article clearfix\">\n\t\t\t\t\t\t<figure><a href=\"http:\/\/www.rockin-and-rollin.de\/wordpress\/yeehaaw-scrapbook-ein-szenemagazin-auf-neuen-wegen\/\" title=\"\u00bbYeehaaw Scrapbook\u00ab &#8211; ein SzeneMagazin auf neuen Wegen!\"><img loading=\"lazy\" decoding=\"async\" width=\"130\" height=\"90\" src=\"http:\/\/www.rockin-and-rollin.de\/wordpress\/wp-content\/uploads\/2017\/03\/yeehaaw3-130x90.jpg\" class=\"attachment-colormag-featured-post-small size-colormag-featured-post-small wp-post-image\" alt=\"\u00bbYeehaaw Scrapbook\u00ab &#8211; ein SzeneMagazin auf neuen Wegen!\" title=\"\u00bbYeehaaw Scrapbook\u00ab &#8211; ein SzeneMagazin auf neuen Wegen!\" srcset=\"http:\/\/www.rockin-and-rollin.de\/wordpress\/wp-content\/uploads\/2017\/03\/yeehaaw3-130x90.jpg 130w, http:\/\/www.rockin-and-rollin.de\/wordpress\/wp-content\/uploads\/2017\/03\/yeehaaw3-392x272.jpg 392w\" sizes=\"(max-width: 130px) 100vw, 130px\" \/><\/a><\/figure>\t\t\t\t\t\t<div class=\"article-content\">\n\t\t\t\t\t\t\t<div class=\"above-entry-meta\"><span class=\"cat-links\"><a href=\"http:\/\/www.rockin-and-rollin.de\/wordpress\/category\/lifestyle\/\" style=\"background:#5d966e\" rel=\"category tag\">Lifestyle<\/a>&nbsp;<a href=\"http:\/\/www.rockin-and-rollin.de\/wordpress\/category\/lifestyle\/round_about\/literatur\/\"  rel=\"category tag\">Literatur<\/a>&nbsp;<a href=\"http:\/\/www.rockin-and-rollin.de\/wordpress\/category\/lifestyle\/round_about\/\" style=\"background:#5e5010\" rel=\"category tag\">Round about ...<\/a>&nbsp;<\/span><\/div>\t\t\t\t\t\t\t<h3 class=\"entry-title\">\n\t\t\t\t\t\t\t\t<a href=\"http:\/\/www.rockin-and-rollin.de\/wordpress\/yeehaaw-scrapbook-ein-szenemagazin-auf-neuen-wegen\/\" title=\"\u00bbYeehaaw Scrapbook\u00ab &#8211; ein SzeneMagazin auf neuen Wegen!\">\u00bbYeehaaw Scrapbook\u00ab &#8211; ein SzeneMagazin auf neuen Wegen!<\/a>\n\t\t\t\t\t\t\t<\/h3>\n\t\t\t\t\t\t\t<div class=\"below-entry-meta\">\n\t\t\t\t\t\t\t\t<span class=\"posted-on\"><a href=\"http:\/\/www.rockin-and-rollin.de\/wordpress\/yeehaaw-scrapbook-ein-szenemagazin-auf-neuen-wegen\/\" title=\"23:05\" rel=\"bookmark\"><i class=\"fa fa-calendar-o\"><\/i> <time class=\"entry-date published\" datetime=\"2017-03-01T23:05:03+01:00\">01\/03\/2017<\/time><\/a><\/span>\t\t\t\t\t\t\t\t<span class=\"byline\"><span class=\"author vcard\"><i class=\"fa fa-user\"><\/i><a class=\"url fn n\" href=\"http:\/\/www.rockin-and-rollin.de\/wordpress\/author\/chris\/\" title=\"Chris\">Chris<\/a><\/span><\/span>\n\t\t\t\t\t\t\t\t<span class=\"comments\"><i class=\"fa fa-comment\"><\/i><a href=\"http:\/\/www.rockin-and-rollin.de\/wordpress\/yeehaaw-scrapbook-ein-szenemagazin-auf-neuen-wegen\/#respond\">0<\/a><\/span>\n\t\t\t\t\t\t\t<\/div>\n\t\t\t\t\t\t\t\t\t\t\t\t\t<\/div>\n\n\t\t\t\t\t<\/div>\n\t\t\t\t\t\t\t\t\t\t\t\t\t\t\t\t\t\t\t\t<div class=\"single-article clearfix\">\n\t\t\t\t\t\t<figure><a href=\"http:\/\/www.rockin-and-rollin.de\/wordpress\/rezension-vintage-frisuren-buch\/\" title=\"Rezension : Vintage Frisuren (Buch)\"><img loading=\"lazy\" decoding=\"async\" width=\"130\" height=\"90\" src=\"http:\/\/www.rockin-and-rollin.de\/wordpress\/wp-content\/uploads\/2017\/01\/Vintage-Frisuren-130x90.jpg\" class=\"attachment-colormag-featured-post-small size-colormag-featured-post-small wp-post-image\" alt=\"Rezension : Vintage Frisuren (Buch)\" title=\"Rezension : Vintage Frisuren (Buch)\" srcset=\"http:\/\/www.rockin-and-rollin.de\/wordpress\/wp-content\/uploads\/2017\/01\/Vintage-Frisuren-130x90.jpg 130w, http:\/\/www.rockin-and-rollin.de\/wordpress\/wp-content\/uploads\/2017\/01\/Vintage-Frisuren-392x272.jpg 392w\" sizes=\"(max-width: 130px) 100vw, 130px\" \/><\/a><\/figure>\t\t\t\t\t\t<div class=\"article-content\">\n\t\t\t\t\t\t\t<div class=\"above-entry-meta\"><span class=\"cat-links\"><a href=\"http:\/\/www.rockin-and-rollin.de\/wordpress\/category\/lifestyle\/\" style=\"background:#5d966e\" rel=\"category tag\">Lifestyle<\/a>&nbsp;<a href=\"http:\/\/www.rockin-and-rollin.de\/wordpress\/category\/lifestyle\/round_about\/literatur\/\"  rel=\"category tag\">Literatur<\/a>&nbsp;<a href=\"http:\/\/www.rockin-and-rollin.de\/wordpress\/category\/lifestyle\/round_about\/\" style=\"background:#5e5010\" rel=\"category tag\">Round about ...<\/a>&nbsp;<\/span><\/div>\t\t\t\t\t\t\t<h3 class=\"entry-title\">\n\t\t\t\t\t\t\t\t<a href=\"http:\/\/www.rockin-and-rollin.de\/wordpress\/rezension-vintage-frisuren-buch\/\" title=\"Rezension : Vintage Frisuren (Buch)\">Rezension : Vintage Frisuren (Buch)<\/a>\n\t\t\t\t\t\t\t<\/h3>\n\t\t\t\t\t\t\t<div class=\"below-entry-meta\">\n\t\t\t\t\t\t\t\t<span class=\"posted-on\"><a href=\"http:\/\/www.rockin-and-rollin.de\/wordpress\/rezension-vintage-frisuren-buch\/\" title=\"20:37\" rel=\"bookmark\"><i class=\"fa fa-calendar-o\"><\/i> <time class=\"entry-date published\" datetime=\"2017-01-23T20:37:19+01:00\">23\/01\/2017<\/time><\/a><\/span>\t\t\t\t\t\t\t\t<span class=\"byline\"><span class=\"author vcard\"><i class=\"fa fa-user\"><\/i><a class=\"url fn n\" href=\"http:\/\/www.rockin-and-rollin.de\/wordpress\/author\/chris\/\" title=\"Chris\">Chris<\/a><\/span><\/span>\n\t\t\t\t\t\t\t\t<span class=\"comments\"><i class=\"fa fa-comment\"><\/i><a href=\"http:\/\/www.rockin-and-rollin.de\/wordpress\/rezension-vintage-frisuren-buch\/#respond\">0<\/a><\/span>\n\t\t\t\t\t\t\t<\/div>\n\t\t\t\t\t\t\t\t\t\t\t\t\t<\/div>\n\n\t\t\t\t\t<\/div>\n\t\t\t\t\t\t\t<\/div>\t\t<!-- <\/div> -->\n\t\t<\/div><div id=\"panel-398-0-0-3\" class=\"so-panel widget widget_colormag_featured_posts_widget widget_featured_posts widget_featured_meta\" data-index=\"3\" >\t\t<h3 class=\"widget-title\" style=\"border-bottom-color:#204227;\"><span style=\"background-color:#204227;\">Bunte Bilder auf der Haut<\/span><a href=\"http:\/\/www.rockin-and-rollin.de\/wordpress\/category\/lifestyle\/tattoo\/\" class=\"view-all-link\">View All<\/a><\/h3>\t\t\t\t\t\t\t\t<div class=\"first-post\">\t\t\t\t\t<div class=\"single-article clearfix\">\n\t\t\t\t\t\t<figure><a href=\"http:\/\/www.rockin-and-rollin.de\/wordpress\/batlands-tattoo\/\" title=\"Sauer von \u00bbBatlands Tattoo\u00ab in L\u00fcneburg\"><img loading=\"lazy\" decoding=\"async\" width=\"390\" height=\"205\" src=\"http:\/\/www.rockin-and-rollin.de\/wordpress\/wp-content\/uploads\/2018\/03\/bei-der-Arbeit-2009-390x205.jpg\" class=\"attachment-colormag-featured-post-medium size-colormag-featured-post-medium wp-post-image\" alt=\"Sauer von \u00bbBatlands Tattoo\u00ab in L\u00fcneburg\" title=\"Sauer von \u00bbBatlands Tattoo\u00ab in L\u00fcneburg\" \/><\/a><\/figure>\t\t\t\t\t\t<div class=\"article-content\">\n\t\t\t\t\t\t\t<div class=\"above-entry-meta\"><span class=\"cat-links\"><a href=\"http:\/\/www.rockin-and-rollin.de\/wordpress\/category\/lifestyle\/tattoo\/\" style=\"background:#204227\" rel=\"category tag\">Bunte Bilder auf der Haut<\/a>&nbsp;<a href=\"http:\/\/www.rockin-and-rollin.de\/wordpress\/category\/lifestyle\/\" style=\"background:#5d966e\" rel=\"category tag\">Lifestyle<\/a>&nbsp;<\/span><\/div>\t\t\t\t\t\t\t<h3 class=\"entry-title\">\n\t\t\t\t\t\t\t\t<a href=\"http:\/\/www.rockin-and-rollin.de\/wordpress\/batlands-tattoo\/\" title=\"Sauer von \u00bbBatlands Tattoo\u00ab in L\u00fcneburg\">Sauer von \u00bbBatlands Tattoo\u00ab in L\u00fcneburg<\/a>\n\t\t\t\t\t\t\t<\/h3>\n\t\t\t\t\t\t\t<div class=\"below-entry-meta\">\n\t\t\t\t\t\t\t\t<span class=\"posted-on\"><a href=\"http:\/\/www.rockin-and-rollin.de\/wordpress\/batlands-tattoo\/\" title=\"13:53\" rel=\"bookmark\"><i class=\"fa fa-calendar-o\"><\/i> <time class=\"entry-date published\" datetime=\"2018-03-19T13:53:25+01:00\">19\/03\/2018<\/time><\/a><\/span>\t\t\t\t\t\t\t\t<span class=\"byline\"><span class=\"author vcard\"><i class=\"fa fa-user\"><\/i><a class=\"url fn n\" href=\"http:\/\/www.rockin-and-rollin.de\/wordpress\/author\/chris\/\" title=\"Chris\">Chris<\/a><\/span><\/span>\n\t\t\t\t\t\t\t\t<span class=\"comments\"><i class=\"fa fa-comment\"><\/i><a href=\"http:\/\/www.rockin-and-rollin.de\/wordpress\/batlands-tattoo\/#respond\">0<\/a><\/span>\n\t\t\t\t\t\t\t<\/div>\n\t\t\t\t\t\t\t\t\t\t\t\t\t\t<div class=\"entry-content\">\n\t\t\t\t\t\t\t\t<p>Auf der Reise zu T\u00e4towierern aus unserem Land geht es dieses Mal zu Sauer von \u00bbBatlands Tattoo\u00ab in L\u00fcneburg. Sauer hat sich mit seinen exzellenten Arbeiten einen sehr guten Namen in der Szene gemacht und verbindet das Rock\u2019n\u2019Roll Feeling gekonnt mit seinen Sch\u00f6pfungen. Hier wird Kreativit\u00e4t, Vielseitigkeit und K\u00f6nnen ganz gro\u00df geschrieben. Grund genug, ihn und seine Arbeiten einmal n\u00e4her vorzustellen. <\/p>\n\t\t\t\t\t\t\t<\/div>\n\t\t\t\t\t\t\t\t\t\t\t\t\t<\/div>\n\n\t\t\t\t\t<\/div>\n\t\t\t\t<\/div>\t\t\t\t\t\t\t\t\t\t\t<div class=\"following-post\">\t\t\t\t\t<div class=\"single-article clearfix\">\n\t\t\t\t\t\t<figure><a href=\"http:\/\/www.rockin-and-rollin.de\/wordpress\/mark-amann-vom-modern-art-tattoos-in-cuxhaven\/\" title=\"Mark Amann vom \u00bbModern-Art-Tattoos\u00ab in Cuxhaven\"><img loading=\"lazy\" decoding=\"async\" width=\"130\" height=\"90\" src=\"http:\/\/www.rockin-and-rollin.de\/wordpress\/wp-content\/uploads\/2016\/12\/image2-130x90.jpg\" class=\"attachment-colormag-featured-post-small size-colormag-featured-post-small wp-post-image\" alt=\"Mark Amann vom \u00bbModern-Art-Tattoos\u00ab in Cuxhaven\" title=\"Mark Amann vom \u00bbModern-Art-Tattoos\u00ab in Cuxhaven\" srcset=\"http:\/\/www.rockin-and-rollin.de\/wordpress\/wp-content\/uploads\/2016\/12\/image2-130x90.jpg 130w, http:\/\/www.rockin-and-rollin.de\/wordpress\/wp-content\/uploads\/2016\/12\/image2-392x272.jpg 392w\" sizes=\"(max-width: 130px) 100vw, 130px\" \/><\/a><\/figure>\t\t\t\t\t\t<div class=\"article-content\">\n\t\t\t\t\t\t\t<div class=\"above-entry-meta\"><span class=\"cat-links\"><a href=\"http:\/\/www.rockin-and-rollin.de\/wordpress\/category\/lifestyle\/tattoo\/\" style=\"background:#204227\" rel=\"category tag\">Bunte Bilder auf der Haut<\/a>&nbsp;<a href=\"http:\/\/www.rockin-and-rollin.de\/wordpress\/category\/lifestyle\/\" style=\"background:#5d966e\" rel=\"category tag\">Lifestyle<\/a>&nbsp;<\/span><\/div>\t\t\t\t\t\t\t<h3 class=\"entry-title\">\n\t\t\t\t\t\t\t\t<a href=\"http:\/\/www.rockin-and-rollin.de\/wordpress\/mark-amann-vom-modern-art-tattoos-in-cuxhaven\/\" title=\"Mark Amann vom \u00bbModern-Art-Tattoos\u00ab in Cuxhaven\">Mark Amann vom \u00bbModern-Art-Tattoos\u00ab in Cuxhaven<\/a>\n\t\t\t\t\t\t\t<\/h3>\n\t\t\t\t\t\t\t<div class=\"below-entry-meta\">\n\t\t\t\t\t\t\t\t<span class=\"posted-on\"><a href=\"http:\/\/www.rockin-and-rollin.de\/wordpress\/mark-amann-vom-modern-art-tattoos-in-cuxhaven\/\" title=\"1:20\" rel=\"bookmark\"><i class=\"fa fa-calendar-o\"><\/i> <time class=\"entry-date published\" datetime=\"2016-12-06T01:20:22+01:00\">06\/12\/2016<\/time><\/a><\/span>\t\t\t\t\t\t\t\t<span class=\"byline\"><span class=\"author vcard\"><i class=\"fa fa-user\"><\/i><a class=\"url fn n\" href=\"http:\/\/www.rockin-and-rollin.de\/wordpress\/author\/chris\/\" title=\"Chris\">Chris<\/a><\/span><\/span>\n\t\t\t\t\t\t\t\t<span class=\"comments\"><i class=\"fa fa-comment\"><\/i><a href=\"http:\/\/www.rockin-and-rollin.de\/wordpress\/mark-amann-vom-modern-art-tattoos-in-cuxhaven\/#respond\">0<\/a><\/span>\n\t\t\t\t\t\t\t<\/div>\n\t\t\t\t\t\t\t\t\t\t\t\t\t<\/div>\n\n\t\t\t\t\t<\/div>\n\t\t\t\t\t\t\t\t\t\t\t\t\t\t\t\t\t\t\t\t<div class=\"single-article clearfix\">\n\t\t\t\t\t\t<figure><a href=\"http:\/\/www.rockin-and-rollin.de\/wordpress\/xenia-kaex-albers-aus-oldenburg\/\" title=\"K\u00e4x &#8211; Xenia Albers aus Oldenburg\"><img loading=\"lazy\" decoding=\"async\" width=\"130\" height=\"90\" src=\"http:\/\/www.rockin-and-rollin.de\/wordpress\/wp-content\/uploads\/2016\/10\/t\u00e4towieren1-130x90.jpg\" class=\"attachment-colormag-featured-post-small size-colormag-featured-post-small wp-post-image\" alt=\"K\u00e4x &#8211; Xenia Albers aus Oldenburg\" title=\"K\u00e4x &#8211; Xenia Albers aus Oldenburg\" srcset=\"http:\/\/www.rockin-and-rollin.de\/wordpress\/wp-content\/uploads\/2016\/10\/t\u00e4towieren1-130x90.jpg 130w, http:\/\/www.rockin-and-rollin.de\/wordpress\/wp-content\/uploads\/2016\/10\/t\u00e4towieren1-392x272.jpg 392w\" sizes=\"(max-width: 130px) 100vw, 130px\" \/><\/a><\/figure>\t\t\t\t\t\t<div class=\"article-content\">\n\t\t\t\t\t\t\t<div class=\"above-entry-meta\"><span class=\"cat-links\"><a href=\"http:\/\/www.rockin-and-rollin.de\/wordpress\/category\/lifestyle\/tattoo\/\" style=\"background:#204227\" rel=\"category tag\">Bunte Bilder auf der Haut<\/a>&nbsp;<a href=\"http:\/\/www.rockin-and-rollin.de\/wordpress\/category\/lifestyle\/\" style=\"background:#5d966e\" rel=\"category tag\">Lifestyle<\/a>&nbsp;<\/span><\/div>\t\t\t\t\t\t\t<h3 class=\"entry-title\">\n\t\t\t\t\t\t\t\t<a href=\"http:\/\/www.rockin-and-rollin.de\/wordpress\/xenia-kaex-albers-aus-oldenburg\/\" title=\"K\u00e4x &#8211; Xenia Albers aus Oldenburg\">K\u00e4x &#8211; Xenia Albers aus Oldenburg<\/a>\n\t\t\t\t\t\t\t<\/h3>\n\t\t\t\t\t\t\t<div class=\"below-entry-meta\">\n\t\t\t\t\t\t\t\t<span class=\"posted-on\"><a href=\"http:\/\/www.rockin-and-rollin.de\/wordpress\/xenia-kaex-albers-aus-oldenburg\/\" title=\"22:12\" rel=\"bookmark\"><i class=\"fa fa-calendar-o\"><\/i> <time class=\"entry-date published\" datetime=\"2016-10-27T22:12:20+02:00\">27\/10\/2016<\/time><\/a><\/span>\t\t\t\t\t\t\t\t<span class=\"byline\"><span class=\"author vcard\"><i class=\"fa fa-user\"><\/i><a class=\"url fn n\" href=\"http:\/\/www.rockin-and-rollin.de\/wordpress\/author\/chris\/\" title=\"Chris\">Chris<\/a><\/span><\/span>\n\t\t\t\t\t\t\t\t<span class=\"comments\"><i class=\"fa fa-comment\"><\/i><a href=\"http:\/\/www.rockin-and-rollin.de\/wordpress\/xenia-kaex-albers-aus-oldenburg\/#respond\">0<\/a><\/span>\n\t\t\t\t\t\t\t<\/div>\n\t\t\t\t\t\t\t\t\t\t\t\t\t<\/div>\n\n\t\t\t\t\t<\/div>\n\t\t\t\t\t\t\t\t\t\t\t\t\t\t\t\t\t\t\t\t<div class=\"single-article clearfix\">\n\t\t\t\t\t\t<figure><a href=\"http:\/\/www.rockin-and-rollin.de\/wordpress\/tobias-pflugradt-vom-nostalgic-ink-ruhrpott-in-datteln\/\" title=\"Tobias Pflugradt vom \u00bbNostalgic Ink Ruhrpott\u00ab in Datteln\"><img loading=\"lazy\" decoding=\"async\" width=\"130\" height=\"90\" src=\"http:\/\/www.rockin-and-rollin.de\/wordpress\/wp-content\/uploads\/2016\/10\/walkin_with_buffalos_101-130x90.jpg\" class=\"attachment-colormag-featured-post-small size-colormag-featured-post-small wp-post-image\" alt=\"Tobias Pflugradt vom \u00bbNostalgic Ink Ruhrpott\u00ab in Datteln\" title=\"Tobias Pflugradt vom \u00bbNostalgic Ink Ruhrpott\u00ab in Datteln\" srcset=\"http:\/\/www.rockin-and-rollin.de\/wordpress\/wp-content\/uploads\/2016\/10\/walkin_with_buffalos_101-130x90.jpg 130w, http:\/\/www.rockin-and-rollin.de\/wordpress\/wp-content\/uploads\/2016\/10\/walkin_with_buffalos_101-392x272.jpg 392w\" sizes=\"(max-width: 130px) 100vw, 130px\" \/><\/a><\/figure>\t\t\t\t\t\t<div class=\"article-content\">\n\t\t\t\t\t\t\t<div class=\"above-entry-meta\"><span class=\"cat-links\"><a href=\"http:\/\/www.rockin-and-rollin.de\/wordpress\/category\/lifestyle\/tattoo\/\" style=\"background:#204227\" rel=\"category tag\">Bunte Bilder auf der Haut<\/a>&nbsp;<a href=\"http:\/\/www.rockin-and-rollin.de\/wordpress\/category\/lifestyle\/\" style=\"background:#5d966e\" rel=\"category tag\">Lifestyle<\/a>&nbsp;<\/span><\/div>\t\t\t\t\t\t\t<h3 class=\"entry-title\">\n\t\t\t\t\t\t\t\t<a href=\"http:\/\/www.rockin-and-rollin.de\/wordpress\/tobias-pflugradt-vom-nostalgic-ink-ruhrpott-in-datteln\/\" title=\"Tobias Pflugradt vom \u00bbNostalgic Ink Ruhrpott\u00ab in Datteln\">Tobias Pflugradt vom \u00bbNostalgic Ink Ruhrpott\u00ab in Datteln<\/a>\n\t\t\t\t\t\t\t<\/h3>\n\t\t\t\t\t\t\t<div class=\"below-entry-meta\">\n\t\t\t\t\t\t\t\t<span class=\"posted-on\"><a href=\"http:\/\/www.rockin-and-rollin.de\/wordpress\/tobias-pflugradt-vom-nostalgic-ink-ruhrpott-in-datteln\/\" title=\"23:04\" rel=\"bookmark\"><i class=\"fa fa-calendar-o\"><\/i> <time class=\"entry-date published\" datetime=\"2016-10-06T23:04:28+02:00\">06\/10\/2016<\/time><\/a><\/span>\t\t\t\t\t\t\t\t<span class=\"byline\"><span class=\"author vcard\"><i class=\"fa fa-user\"><\/i><a class=\"url fn n\" href=\"http:\/\/www.rockin-and-rollin.de\/wordpress\/author\/chris\/\" title=\"Chris\">Chris<\/a><\/span><\/span>\n\t\t\t\t\t\t\t\t<span class=\"comments\"><i class=\"fa fa-comment\"><\/i><a href=\"http:\/\/www.rockin-and-rollin.de\/wordpress\/tobias-pflugradt-vom-nostalgic-ink-ruhrpott-in-datteln\/#respond\">0<\/a><\/span>\n\t\t\t\t\t\t\t<\/div>\n\t\t\t\t\t\t\t\t\t\t\t\t\t<\/div>\n\n\t\t\t\t\t<\/div>\n\t\t\t\t\t\t\t<\/div>\t\t<!-- <\/div> -->\n\t\t<\/div><div id=\"panel-398-0-0-4\" class=\"so-panel widget widget_colormag_featured_posts_widget widget_featured_posts widget_featured_meta\" data-index=\"4\" >\t\t<h3 class=\"widget-title\" style=\"border-bottom-color:#020ef4;\"><span style=\"background-color:#020ef4;\">Kurzgeschichten<\/span><a href=\"http:\/\/www.rockin-and-rollin.de\/wordpress\/category\/lifestyle\/round_about\/literatur\/kurzgeschichte\/\" class=\"view-all-link\">View All<\/a><\/h3>\t\t\t\t\t\t\t\t<div class=\"first-post\">\t\t\t\t\t<div class=\"single-article clearfix\">\n\t\t\t\t\t\t\t\t\t\t\t\t<div class=\"article-content\">\n\t\t\t\t\t\t\t<div class=\"above-entry-meta\"><span class=\"cat-links\"><a href=\"http:\/\/www.rockin-and-rollin.de\/wordpress\/category\/lifestyle\/round_about\/literatur\/kurzgeschichte\/\" style=\"background:#020ef4\" rel=\"category tag\">Kurzgeschichte<\/a>&nbsp;<a href=\"http:\/\/www.rockin-and-rollin.de\/wordpress\/category\/lifestyle\/\" style=\"background:#5d966e\" rel=\"category tag\">Lifestyle<\/a>&nbsp;<\/span><\/div>\t\t\t\t\t\t\t<h3 class=\"entry-title\">\n\t\t\t\t\t\t\t\t<a href=\"http:\/\/www.rockin-and-rollin.de\/wordpress\/vom-petticoat-zu-james-dean-claudia-plachetka\/\" title=\"Vom Petticoat zu James Dean (Claudia Plachetka)\">Vom Petticoat zu James Dean (Claudia Plachetka)<\/a>\n\t\t\t\t\t\t\t<\/h3>\n\t\t\t\t\t\t\t<div class=\"below-entry-meta\">\n\t\t\t\t\t\t\t\t<span class=\"posted-on\"><a href=\"http:\/\/www.rockin-and-rollin.de\/wordpress\/vom-petticoat-zu-james-dean-claudia-plachetka\/\" title=\"20:06\" rel=\"bookmark\"><i class=\"fa fa-calendar-o\"><\/i> <time class=\"entry-date published\" datetime=\"2017-02-13T20:06:58+01:00\">13\/02\/2017<\/time><\/a><\/span>\t\t\t\t\t\t\t\t<span class=\"byline\"><span class=\"author vcard\"><i class=\"fa fa-user\"><\/i><a class=\"url fn n\" href=\"http:\/\/www.rockin-and-rollin.de\/wordpress\/author\/chris\/\" title=\"Chris\">Chris<\/a><\/span><\/span>\n\t\t\t\t\t\t\t\t<span class=\"comments\"><i class=\"fa fa-comment\"><\/i><a href=\"http:\/\/www.rockin-and-rollin.de\/wordpress\/vom-petticoat-zu-james-dean-claudia-plachetka\/#respond\">0<\/a><\/span>\n\t\t\t\t\t\t\t<\/div>\n\t\t\t\t\t\t\t\t\t\t\t\t\t\t<div class=\"entry-content\">\n\t\t\t\t\t\t\t\t<p>Ich schaue in den Spiegel und f\u00fchle mich wohl. Selten tue ich das, doch wenn ich dieses Spiegelbild sehe, gefalle ich mir. Die Hose sitzt perfekt, das Hemd ist leider ein wenig zu gro\u00df, was aber weiter nicht schlimm ist. Die Lederjacke l\u00e4sst meine Schultern gr\u00f6\u00dfer aussehen und meine kurzen, braunen Haare habe ich perfekt gestylt. Nun sitzen sie fast genauso wie bei meinem Vorbild James Dean. Noch sind sie ein wenig kurz, aber in zwei Wochen haben sie die perfekte L\u00e4nge.<br \/>\n\u00a0\u00a0\u00a0\u00a0\u00a0\u00a0\u201eAndrea, das Essen ist fertig!\u201c, schreit meine Mutter nach oben. Ich erschrecke mich und werfe die Lederjacke sofort auf mein Bett. Schnell ziehe ich mir die Hose und das Hemd aus. Auch diese landen auf meinem Bett. Ich \u00fcberdecke den Kleiderhaufen mit der Bettdecke. Als ich mich im Spiegel sehe kommen mir wieder Tr\u00e4nen in die Augen. Nur bekleidet in Unterw\u00e4sche kann ich mich einfach nicht im Spiegel betrachten. Die Kurven, die schmale<\/p>\n\t\t\t\t\t\t\t<\/div>\n\t\t\t\t\t\t\t\t\t\t\t\t\t<\/div>\n\n\t\t\t\t\t<\/div>\n\t\t\t\t<\/div>\t\t\t\t\t\t\t\t\t\t\t<div class=\"following-post\">\t\t\t\t\t<div class=\"single-article clearfix\">\n\t\t\t\t\t\t\t\t\t\t\t\t<div class=\"article-content\">\n\t\t\t\t\t\t\t<div class=\"above-entry-meta\"><span class=\"cat-links\"><a href=\"http:\/\/www.rockin-and-rollin.de\/wordpress\/category\/lifestyle\/round_about\/literatur\/kurzgeschichte\/\" style=\"background:#020ef4\" rel=\"category tag\">Kurzgeschichte<\/a>&nbsp;<a href=\"http:\/\/www.rockin-and-rollin.de\/wordpress\/category\/lifestyle\/\" style=\"background:#5d966e\" rel=\"category tag\">Lifestyle<\/a>&nbsp;<\/span><\/div>\t\t\t\t\t\t\t<h3 class=\"entry-title\">\n\t\t\t\t\t\t\t\t<a href=\"http:\/\/www.rockin-and-rollin.de\/wordpress\/elvis-guitar-anna-noah\/\" title=\"Elvis\u2019 Guitar (Anna Noah)\">Elvis\u2019 Guitar (Anna Noah)<\/a>\n\t\t\t\t\t\t\t<\/h3>\n\t\t\t\t\t\t\t<div class=\"below-entry-meta\">\n\t\t\t\t\t\t\t\t<span class=\"posted-on\"><a href=\"http:\/\/www.rockin-and-rollin.de\/wordpress\/elvis-guitar-anna-noah\/\" title=\"17:02\" rel=\"bookmark\"><i class=\"fa fa-calendar-o\"><\/i> <time class=\"entry-date published\" datetime=\"2017-02-13T17:02:12+01:00\">13\/02\/2017<\/time><\/a><\/span>\t\t\t\t\t\t\t\t<span class=\"byline\"><span class=\"author vcard\"><i class=\"fa fa-user\"><\/i><a class=\"url fn n\" href=\"http:\/\/www.rockin-and-rollin.de\/wordpress\/author\/chris\/\" title=\"Chris\">Chris<\/a><\/span><\/span>\n\t\t\t\t\t\t\t\t<span class=\"comments\"><i class=\"fa fa-comment\"><\/i><a href=\"http:\/\/www.rockin-and-rollin.de\/wordpress\/elvis-guitar-anna-noah\/#respond\">0<\/a><\/span>\n\t\t\t\t\t\t\t<\/div>\n\t\t\t\t\t\t\t\t\t\t\t\t\t<\/div>\n\n\t\t\t\t\t<\/div>\n\t\t\t\t\t\t\t\t\t\t\t\t\t\t\t\t\t\t\t\t<div class=\"single-article clearfix\">\n\t\t\t\t\t\t\t\t\t\t\t\t<div class=\"article-content\">\n\t\t\t\t\t\t\t<div class=\"above-entry-meta\"><span class=\"cat-links\"><a href=\"http:\/\/www.rockin-and-rollin.de\/wordpress\/category\/lifestyle\/round_about\/literatur\/kurzgeschichte\/\" style=\"background:#020ef4\" rel=\"category tag\">Kurzgeschichte<\/a>&nbsp;<a href=\"http:\/\/www.rockin-and-rollin.de\/wordpress\/category\/lifestyle\/\" style=\"background:#5d966e\" rel=\"category tag\">Lifestyle<\/a>&nbsp;<\/span><\/div>\t\t\t\t\t\t\t<h3 class=\"entry-title\">\n\t\t\t\t\t\t\t\t<a href=\"http:\/\/www.rockin-and-rollin.de\/wordpress\/der-coole-typ-marianne-labisch\/\" title=\"Der coole Typ (Marianne Labisch)\">Der coole Typ (Marianne Labisch)<\/a>\n\t\t\t\t\t\t\t<\/h3>\n\t\t\t\t\t\t\t<div class=\"below-entry-meta\">\n\t\t\t\t\t\t\t\t<span class=\"posted-on\"><a href=\"http:\/\/www.rockin-and-rollin.de\/wordpress\/der-coole-typ-marianne-labisch\/\" title=\"16:31\" rel=\"bookmark\"><i class=\"fa fa-calendar-o\"><\/i> <time class=\"entry-date published\" datetime=\"2017-02-13T16:31:00+01:00\">13\/02\/2017<\/time><\/a><\/span>\t\t\t\t\t\t\t\t<span class=\"byline\"><span class=\"author vcard\"><i class=\"fa fa-user\"><\/i><a class=\"url fn n\" href=\"http:\/\/www.rockin-and-rollin.de\/wordpress\/author\/chris\/\" title=\"Chris\">Chris<\/a><\/span><\/span>\n\t\t\t\t\t\t\t\t<span class=\"comments\"><i class=\"fa fa-comment\"><\/i><a href=\"http:\/\/www.rockin-and-rollin.de\/wordpress\/der-coole-typ-marianne-labisch\/#respond\">0<\/a><\/span>\n\t\t\t\t\t\t\t<\/div>\n\t\t\t\t\t\t\t\t\t\t\t\t\t<\/div>\n\n\t\t\t\t\t<\/div>\n\t\t\t\t\t\t\t\t\t\t\t\t\t\t\t\t\t\t\t\t<div class=\"single-article clearfix\">\n\t\t\t\t\t\t\t\t\t\t\t\t<div class=\"article-content\">\n\t\t\t\t\t\t\t<div class=\"above-entry-meta\"><span class=\"cat-links\"><a href=\"http:\/\/www.rockin-and-rollin.de\/wordpress\/category\/lifestyle\/round_about\/literatur\/kurzgeschichte\/\" style=\"background:#020ef4\" rel=\"category tag\">Kurzgeschichte<\/a>&nbsp;<a href=\"http:\/\/www.rockin-and-rollin.de\/wordpress\/category\/lifestyle\/\" style=\"background:#5d966e\" rel=\"category tag\">Lifestyle<\/a>&nbsp;<\/span><\/div>\t\t\t\t\t\t\t<h3 class=\"entry-title\">\n\t\t\t\t\t\t\t\t<a href=\"http:\/\/www.rockin-and-rollin.de\/wordpress\/der-wahre-johnny-enzo-asui\/\" title=\"Der wahre Johnny (Enzo Asui)\">Der wahre Johnny (Enzo Asui)<\/a>\n\t\t\t\t\t\t\t<\/h3>\n\t\t\t\t\t\t\t<div class=\"below-entry-meta\">\n\t\t\t\t\t\t\t\t<span class=\"posted-on\"><a href=\"http:\/\/www.rockin-and-rollin.de\/wordpress\/der-wahre-johnny-enzo-asui\/\" title=\"21:13\" rel=\"bookmark\"><i class=\"fa fa-calendar-o\"><\/i> <time class=\"entry-date published\" datetime=\"2017-02-11T21:13:46+01:00\">11\/02\/2017<\/time><\/a><\/span>\t\t\t\t\t\t\t\t<span class=\"byline\"><span class=\"author vcard\"><i class=\"fa fa-user\"><\/i><a class=\"url fn n\" href=\"http:\/\/www.rockin-and-rollin.de\/wordpress\/author\/chris\/\" title=\"Chris\">Chris<\/a><\/span><\/span>\n\t\t\t\t\t\t\t\t<span class=\"comments\"><i class=\"fa fa-comment\"><\/i><a href=\"http:\/\/www.rockin-and-rollin.de\/wordpress\/der-wahre-johnny-enzo-asui\/#respond\">0<\/a><\/span>\n\t\t\t\t\t\t\t<\/div>\n\t\t\t\t\t\t\t\t\t\t\t\t\t<\/div>\n\n\t\t\t\t\t<\/div>\n\t\t\t\t\t\t\t<\/div>\t\t<!-- <\/div> -->\n\t\t<\/div><div id=\"panel-398-0-0-5\" class=\"so-panel widget widget_colormag_featured_posts_widget widget_featured_posts widget_featured_meta panel-last-child\" data-index=\"5\" >\t\t<h3 class=\"widget-title\" style=\"border-bottom-color:#457721;\"><span style=\"background-color:#457721;\">Filme<\/span><a href=\"http:\/\/www.rockin-and-rollin.de\/wordpress\/category\/lifestyle\/filme\/\" class=\"view-all-link\">View All<\/a><\/h3>\t\t\t\t\t\t\t\t<div class=\"first-post\">\t\t\t\t\t<div class=\"single-article clearfix\">\n\t\t\t\t\t\t<figure><a href=\"http:\/\/www.rockin-and-rollin.de\/wordpress\/filmkritik-rockabilly-requiem\/\" title=\"Filmkritik: Rockabilly Requiem\"><img loading=\"lazy\" decoding=\"async\" width=\"354\" height=\"205\" src=\"http:\/\/www.rockin-and-rollin.de\/wordpress\/wp-content\/uploads\/2017\/01\/Rockabilly-Requiem--354x205.jpg\" class=\"attachment-colormag-featured-post-medium size-colormag-featured-post-medium wp-post-image\" alt=\"Filmkritik: Rockabilly Requiem\" title=\"Filmkritik: Rockabilly Requiem\" \/><\/a><\/figure>\t\t\t\t\t\t<div class=\"article-content\">\n\t\t\t\t\t\t\t<div class=\"above-entry-meta\"><span class=\"cat-links\"><a href=\"http:\/\/www.rockin-and-rollin.de\/wordpress\/category\/lifestyle\/filme\/\" style=\"background:#457721\" rel=\"category tag\">Filme<\/a>&nbsp;<a href=\"http:\/\/www.rockin-and-rollin.de\/wordpress\/category\/lifestyle\/filme\/filmkritik\/\"  rel=\"category tag\">Filmkritik<\/a>&nbsp;<a href=\"http:\/\/www.rockin-and-rollin.de\/wordpress\/category\/lifestyle\/\" style=\"background:#5d966e\" rel=\"category tag\">Lifestyle<\/a>&nbsp;<\/span><\/div>\t\t\t\t\t\t\t<h3 class=\"entry-title\">\n\t\t\t\t\t\t\t\t<a href=\"http:\/\/www.rockin-and-rollin.de\/wordpress\/filmkritik-rockabilly-requiem\/\" title=\"Filmkritik: Rockabilly Requiem\">Filmkritik: Rockabilly Requiem<\/a>\n\t\t\t\t\t\t\t<\/h3>\n\t\t\t\t\t\t\t<div class=\"below-entry-meta\">\n\t\t\t\t\t\t\t\t<span class=\"posted-on\"><a href=\"http:\/\/www.rockin-and-rollin.de\/wordpress\/filmkritik-rockabilly-requiem\/\" title=\"1:34\" rel=\"bookmark\"><i class=\"fa fa-calendar-o\"><\/i> <time class=\"entry-date published\" datetime=\"2017-01-19T01:34:09+01:00\">19\/01\/2017<\/time><\/a><\/span>\t\t\t\t\t\t\t\t<span class=\"byline\"><span class=\"author vcard\"><i class=\"fa fa-user\"><\/i><a class=\"url fn n\" href=\"http:\/\/www.rockin-and-rollin.de\/wordpress\/author\/chris\/\" title=\"Chris\">Chris<\/a><\/span><\/span>\n\t\t\t\t\t\t\t\t<span class=\"comments\"><i class=\"fa fa-comment\"><\/i><a href=\"http:\/\/www.rockin-and-rollin.de\/wordpress\/filmkritik-rockabilly-requiem\/#respond\">0<\/a><\/span>\n\t\t\t\t\t\t\t<\/div>\n\t\t\t\t\t\t\t\t\t\t\t\t\t\t<div class=\"entry-content\">\n\t\t\t\t\t\t\t\t<p>BRD 1982: Hubertus und Sebastian wollen niemals so werden wie ihre V\u00e4ter. Die Musik und ihre gemeinsame Liebe zu Punkprinzessin Debbie sind die einzigen M\u00f6glichkeiten, dem Mief von Bohnerwachs und Spie\u00dfigkeit zu entkommen. Als eine coole Rockabilly-Band nach einer Vorband f\u00fcr ihre Tournee sucht, ist klar: Das ist die Chance, allen Zw\u00e4ngen zu entfliehen! Doch Hubertus Vater versucht alles, um die musikalischen Gehversuche seines Sohnes zu verhindern. Als sie zum Vorspielen eingeladen werden, eskaliert die Situation. <\/p>\n\t\t\t\t\t\t\t<\/div>\n\t\t\t\t\t\t\t\t\t\t\t\t\t<\/div>\n\n\t\t\t\t\t<\/div>\n\t\t\t\t<\/div>\t\t\t\t\t\t\t\t\t\t\t<div class=\"following-post\">\t\t\t\t\t<div class=\"single-article clearfix\">\n\t\t\t\t\t\t<figure><a href=\"http:\/\/www.rockin-and-rollin.de\/wordpress\/im-labyrinth-des-schweigens\/\" title=\"Filmkritik: Im Labyrinth des Schweigens\"><img loading=\"lazy\" decoding=\"async\" width=\"130\" height=\"90\" src=\"http:\/\/www.rockin-and-rollin.de\/wordpress\/wp-content\/uploads\/2016\/12\/labyrinth-schweigens-130x90.jpg\" class=\"attachment-colormag-featured-post-small size-colormag-featured-post-small wp-post-image\" alt=\"Filmkritik: Im Labyrinth des Schweigens\" title=\"Filmkritik: Im Labyrinth des Schweigens\" srcset=\"http:\/\/www.rockin-and-rollin.de\/wordpress\/wp-content\/uploads\/2016\/12\/labyrinth-schweigens-130x90.jpg 130w, http:\/\/www.rockin-and-rollin.de\/wordpress\/wp-content\/uploads\/2016\/12\/labyrinth-schweigens-392x272.jpg 392w\" sizes=\"(max-width: 130px) 100vw, 130px\" \/><\/a><\/figure>\t\t\t\t\t\t<div class=\"article-content\">\n\t\t\t\t\t\t\t<div class=\"above-entry-meta\"><span class=\"cat-links\"><a href=\"http:\/\/www.rockin-and-rollin.de\/wordpress\/category\/lifestyle\/filme\/\" style=\"background:#457721\" rel=\"category tag\">Filme<\/a>&nbsp;<a href=\"http:\/\/www.rockin-and-rollin.de\/wordpress\/category\/lifestyle\/filme\/filmkritik\/\"  rel=\"category tag\">Filmkritik<\/a>&nbsp;<a href=\"http:\/\/www.rockin-and-rollin.de\/wordpress\/category\/lifestyle\/\" style=\"background:#5d966e\" rel=\"category tag\">Lifestyle<\/a>&nbsp;<\/span><\/div>\t\t\t\t\t\t\t<h3 class=\"entry-title\">\n\t\t\t\t\t\t\t\t<a href=\"http:\/\/www.rockin-and-rollin.de\/wordpress\/im-labyrinth-des-schweigens\/\" title=\"Filmkritik: Im Labyrinth des Schweigens\">Filmkritik: Im Labyrinth des Schweigens<\/a>\n\t\t\t\t\t\t\t<\/h3>\n\t\t\t\t\t\t\t<div class=\"below-entry-meta\">\n\t\t\t\t\t\t\t\t<span class=\"posted-on\"><a href=\"http:\/\/www.rockin-and-rollin.de\/wordpress\/im-labyrinth-des-schweigens\/\" title=\"1:53\" rel=\"bookmark\"><i class=\"fa fa-calendar-o\"><\/i> <time class=\"entry-date published\" datetime=\"2016-12-15T01:53:16+01:00\">15\/12\/2016<\/time><\/a><\/span>\t\t\t\t\t\t\t\t<span class=\"byline\"><span class=\"author vcard\"><i class=\"fa fa-user\"><\/i><a class=\"url fn n\" href=\"http:\/\/www.rockin-and-rollin.de\/wordpress\/author\/chris\/\" title=\"Chris\">Chris<\/a><\/span><\/span>\n\t\t\t\t\t\t\t\t<span class=\"comments\"><i class=\"fa fa-comment\"><\/i><a href=\"http:\/\/www.rockin-and-rollin.de\/wordpress\/im-labyrinth-des-schweigens\/#respond\">0<\/a><\/span>\n\t\t\t\t\t\t\t<\/div>\n\t\t\t\t\t\t\t\t\t\t\t\t\t<\/div>\n\n\t\t\t\t\t<\/div>\n\t\t\t\t\t\t\t\t\t\t\t\t\t\t\t\t\t\t\t\t<div class=\"single-article clearfix\">\n\t\t\t\t\t\t<figure><a href=\"http:\/\/www.rockin-and-rollin.de\/wordpress\/filmkritik-mom\/\" title=\"Filmkritik: Mom\"><img loading=\"lazy\" decoding=\"async\" width=\"130\" height=\"90\" src=\"http:\/\/www.rockin-and-rollin.de\/wordpress\/wp-content\/uploads\/2016\/11\/cover-mom-130x90.jpg\" class=\"attachment-colormag-featured-post-small size-colormag-featured-post-small wp-post-image\" alt=\"Filmkritik: Mom\" title=\"Filmkritik: Mom\" \/><\/a><\/figure>\t\t\t\t\t\t<div class=\"article-content\">\n\t\t\t\t\t\t\t<div class=\"above-entry-meta\"><span class=\"cat-links\"><a href=\"http:\/\/www.rockin-and-rollin.de\/wordpress\/category\/lifestyle\/filme\/\" style=\"background:#457721\" rel=\"category tag\">Filme<\/a>&nbsp;<a href=\"http:\/\/www.rockin-and-rollin.de\/wordpress\/category\/lifestyle\/filme\/filmkritik\/\"  rel=\"category tag\">Filmkritik<\/a>&nbsp;<a href=\"http:\/\/www.rockin-and-rollin.de\/wordpress\/category\/lifestyle\/\" style=\"background:#5d966e\" rel=\"category tag\">Lifestyle<\/a>&nbsp;<\/span><\/div>\t\t\t\t\t\t\t<h3 class=\"entry-title\">\n\t\t\t\t\t\t\t\t<a href=\"http:\/\/www.rockin-and-rollin.de\/wordpress\/filmkritik-mom\/\" title=\"Filmkritik: Mom\">Filmkritik: Mom<\/a>\n\t\t\t\t\t\t\t<\/h3>\n\t\t\t\t\t\t\t<div class=\"below-entry-meta\">\n\t\t\t\t\t\t\t\t<span class=\"posted-on\"><a href=\"http:\/\/www.rockin-and-rollin.de\/wordpress\/filmkritik-mom\/\" title=\"9:00\" rel=\"bookmark\"><i class=\"fa fa-calendar-o\"><\/i> <time class=\"entry-date published\" datetime=\"2016-11-28T09:00:31+01:00\">28\/11\/2016<\/time><\/a><\/span>\t\t\t\t\t\t\t\t<span class=\"byline\"><span class=\"author vcard\"><i class=\"fa fa-user\"><\/i><a class=\"url fn n\" href=\"http:\/\/www.rockin-and-rollin.de\/wordpress\/author\/chris\/\" title=\"Chris\">Chris<\/a><\/span><\/span>\n\t\t\t\t\t\t\t\t<span class=\"comments\"><i class=\"fa fa-comment\"><\/i><a href=\"http:\/\/www.rockin-and-rollin.de\/wordpress\/filmkritik-mom\/#respond\">0<\/a><\/span>\n\t\t\t\t\t\t\t<\/div>\n\t\t\t\t\t\t\t\t\t\t\t\t\t<\/div>\n\n\t\t\t\t\t<\/div>\n\t\t\t\t\t\t\t\t\t\t\t\t\t\t\t\t\t\t\t\t<div class=\"single-article clearfix\">\n\t\t\t\t\t\t<figure><a href=\"http:\/\/www.rockin-and-rollin.de\/wordpress\/filmkritik-feast\/\" title=\"Filmkritik: Feast\"><img loading=\"lazy\" decoding=\"async\" width=\"130\" height=\"90\" src=\"http:\/\/www.rockin-and-rollin.de\/wordpress\/wp-content\/uploads\/2016\/11\/feast-130x90.jpg\" class=\"attachment-colormag-featured-post-small size-colormag-featured-post-small wp-post-image\" alt=\"Filmkritik: Feast\" title=\"Filmkritik: Feast\" \/><\/a><\/figure>\t\t\t\t\t\t<div class=\"article-content\">\n\t\t\t\t\t\t\t<div class=\"above-entry-meta\"><span class=\"cat-links\"><a href=\"http:\/\/www.rockin-and-rollin.de\/wordpress\/category\/lifestyle\/filme\/\" style=\"background:#457721\" rel=\"category tag\">Filme<\/a>&nbsp;<a href=\"http:\/\/www.rockin-and-rollin.de\/wordpress\/category\/lifestyle\/filme\/filmkritik\/\"  rel=\"category tag\">Filmkritik<\/a>&nbsp;<a href=\"http:\/\/www.rockin-and-rollin.de\/wordpress\/category\/lifestyle\/\" style=\"background:#5d966e\" rel=\"category tag\">Lifestyle<\/a>&nbsp;<\/span><\/div>\t\t\t\t\t\t\t<h3 class=\"entry-title\">\n\t\t\t\t\t\t\t\t<a href=\"http:\/\/www.rockin-and-rollin.de\/wordpress\/filmkritik-feast\/\" title=\"Filmkritik: Feast\">Filmkritik: Feast<\/a>\n\t\t\t\t\t\t\t<\/h3>\n\t\t\t\t\t\t\t<div class=\"below-entry-meta\">\n\t\t\t\t\t\t\t\t<span class=\"posted-on\"><a href=\"http:\/\/www.rockin-and-rollin.de\/wordpress\/filmkritik-feast\/\" title=\"2:11\" rel=\"bookmark\"><i class=\"fa fa-calendar-o\"><\/i> <time class=\"entry-date published\" datetime=\"2016-11-18T02:11:46+01:00\">18\/11\/2016<\/time><\/a><\/span>\t\t\t\t\t\t\t\t<span class=\"byline\"><span class=\"author vcard\"><i class=\"fa fa-user\"><\/i><a class=\"url fn n\" href=\"http:\/\/www.rockin-and-rollin.de\/wordpress\/author\/chris\/\" title=\"Chris\">Chris<\/a><\/span><\/span>\n\t\t\t\t\t\t\t\t<span class=\"comments\"><i class=\"fa fa-comment\"><\/i><a href=\"http:\/\/www.rockin-and-rollin.de\/wordpress\/filmkritik-feast\/#respond\">0<\/a><\/span>\n\t\t\t\t\t\t\t<\/div>\n\t\t\t\t\t\t\t\t\t\t\t\t\t<\/div>\n\n\t\t\t\t\t<\/div>\n\t\t\t\t\t\t\t\t\t\t\t\t\t\t\t\t\t\t\t\t<div class=\"single-article clearfix\">\n\t\t\t\t\t\t<figure><a href=\"http:\/\/www.rockin-and-rollin.de\/wordpress\/filmkritik-cadillac-records\/\" title=\"Filmkritik: Cadillac Records\"><img loading=\"lazy\" decoding=\"async\" width=\"130\" height=\"90\" src=\"http:\/\/www.rockin-and-rollin.de\/wordpress\/wp-content\/uploads\/2016\/10\/Cadillac-Records-130x90.jpg\" class=\"attachment-colormag-featured-post-small size-colormag-featured-post-small wp-post-image\" alt=\"Filmkritik: Cadillac Records\" title=\"Filmkritik: Cadillac Records\" srcset=\"http:\/\/www.rockin-and-rollin.de\/wordpress\/wp-content\/uploads\/2016\/10\/Cadillac-Records-130x90.jpg 130w, http:\/\/www.rockin-and-rollin.de\/wordpress\/wp-content\/uploads\/2016\/10\/Cadillac-Records-356x250.jpg 356w\" sizes=\"(max-width: 130px) 100vw, 130px\" \/><\/a><\/figure>\t\t\t\t\t\t<div class=\"article-content\">\n\t\t\t\t\t\t\t<div class=\"above-entry-meta\"><span class=\"cat-links\"><a href=\"http:\/\/www.rockin-and-rollin.de\/wordpress\/category\/lifestyle\/filme\/\" style=\"background:#457721\" rel=\"category tag\">Filme<\/a>&nbsp;<a href=\"http:\/\/www.rockin-and-rollin.de\/wordpress\/category\/lifestyle\/filme\/filmkritik\/\"  rel=\"category tag\">Filmkritik<\/a>&nbsp;<a href=\"http:\/\/www.rockin-and-rollin.de\/wordpress\/category\/lifestyle\/\" style=\"background:#5d966e\" rel=\"category tag\">Lifestyle<\/a>&nbsp;<\/span><\/div>\t\t\t\t\t\t\t<h3 class=\"entry-title\">\n\t\t\t\t\t\t\t\t<a href=\"http:\/\/www.rockin-and-rollin.de\/wordpress\/filmkritik-cadillac-records\/\" title=\"Filmkritik: Cadillac Records\">Filmkritik: Cadillac Records<\/a>\n\t\t\t\t\t\t\t<\/h3>\n\t\t\t\t\t\t\t<div class=\"below-entry-meta\">\n\t\t\t\t\t\t\t\t<span class=\"posted-on\"><a href=\"http:\/\/www.rockin-and-rollin.de\/wordpress\/filmkritik-cadillac-records\/\" title=\"21:37\" rel=\"bookmark\"><i class=\"fa fa-calendar-o\"><\/i> <time class=\"entry-date published\" datetime=\"2016-10-30T21:37:26+01:00\">30\/10\/2016<\/time><\/a><\/span>\t\t\t\t\t\t\t\t<span class=\"byline\"><span class=\"author vcard\"><i class=\"fa fa-user\"><\/i><a class=\"url fn n\" href=\"http:\/\/www.rockin-and-rollin.de\/wordpress\/author\/chris\/\" title=\"Chris\">Chris<\/a><\/span><\/span>\n\t\t\t\t\t\t\t\t<span class=\"comments\"><i class=\"fa fa-comment\"><\/i><a href=\"http:\/\/www.rockin-and-rollin.de\/wordpress\/filmkritik-cadillac-records\/#respond\">0<\/a><\/span>\n\t\t\t\t\t\t\t<\/div>\n\t\t\t\t\t\t\t\t\t\t\t\t\t<\/div>\n\n\t\t\t\t\t<\/div>\n\t\t\t\t\t\t\t\t\t\t\t\t\t\t\t\t\t\t\t\t<div class=\"single-article clearfix\">\n\t\t\t\t\t\t<figure><a href=\"http:\/\/www.rockin-and-rollin.de\/wordpress\/filmkritik-hobo-with-a-shotgun\/\" title=\"Filmkritik: Hobo with a shotgun\"><img loading=\"lazy\" decoding=\"async\" width=\"130\" height=\"90\" src=\"http:\/\/www.rockin-and-rollin.de\/wordpress\/wp-content\/uploads\/2016\/10\/Hobo-with-a-Shotgun-DVD-Cover-130x90.jpg\" class=\"attachment-colormag-featured-post-small size-colormag-featured-post-small wp-post-image\" alt=\"Filmkritik: Hobo with a shotgun\" title=\"Filmkritik: Hobo with a shotgun\" srcset=\"http:\/\/www.rockin-and-rollin.de\/wordpress\/wp-content\/uploads\/2016\/10\/Hobo-with-a-Shotgun-DVD-Cover-130x90.jpg 130w, http:\/\/www.rockin-and-rollin.de\/wordpress\/wp-content\/uploads\/2016\/10\/Hobo-with-a-Shotgun-DVD-Cover-392x272.jpg 392w\" sizes=\"(max-width: 130px) 100vw, 130px\" \/><\/a><\/figure>\t\t\t\t\t\t<div class=\"article-content\">\n\t\t\t\t\t\t\t<div class=\"above-entry-meta\"><span class=\"cat-links\"><a href=\"http:\/\/www.rockin-and-rollin.de\/wordpress\/category\/lifestyle\/filme\/\" style=\"background:#457721\" rel=\"category tag\">Filme<\/a>&nbsp;<a href=\"http:\/\/www.rockin-and-rollin.de\/wordpress\/category\/lifestyle\/filme\/filmkritik\/\"  rel=\"category tag\">Filmkritik<\/a>&nbsp;<a href=\"http:\/\/www.rockin-and-rollin.de\/wordpress\/category\/lifestyle\/\" style=\"background:#5d966e\" rel=\"category tag\">Lifestyle<\/a>&nbsp;<\/span><\/div>\t\t\t\t\t\t\t<h3 class=\"entry-title\">\n\t\t\t\t\t\t\t\t<a href=\"http:\/\/www.rockin-and-rollin.de\/wordpress\/filmkritik-hobo-with-a-shotgun\/\" title=\"Filmkritik: Hobo with a shotgun\">Filmkritik: Hobo with a shotgun<\/a>\n\t\t\t\t\t\t\t<\/h3>\n\t\t\t\t\t\t\t<div class=\"below-entry-meta\">\n\t\t\t\t\t\t\t\t<span class=\"posted-on\"><a href=\"http:\/\/www.rockin-and-rollin.de\/wordpress\/filmkritik-hobo-with-a-shotgun\/\" title=\"17:12\" rel=\"bookmark\"><i class=\"fa fa-calendar-o\"><\/i> <time class=\"entry-date published\" datetime=\"2016-10-08T17:12:18+02:00\">08\/10\/2016<\/time><\/a><\/span>\t\t\t\t\t\t\t\t<span class=\"byline\"><span class=\"author vcard\"><i class=\"fa fa-user\"><\/i><a class=\"url fn n\" href=\"http:\/\/www.rockin-and-rollin.de\/wordpress\/author\/chris\/\" title=\"Chris\">Chris<\/a><\/span><\/span>\n\t\t\t\t\t\t\t\t<span class=\"comments\"><i class=\"fa fa-comment\"><\/i><a href=\"http:\/\/www.rockin-and-rollin.de\/wordpress\/filmkritik-hobo-with-a-shotgun\/#respond\">0<\/a><\/span>\n\t\t\t\t\t\t\t<\/div>\n\t\t\t\t\t\t\t\t\t\t\t\t\t<\/div>\n\n\t\t\t\t\t<\/div>\n\t\t\t\t\t\t\t<\/div>\t\t<!-- <\/div> -->\n\t\t<\/div><\/div><\/div><\/div>","protected":false},"excerpt":{"rendered":"<p>Ein G\u00fcterzug rollt in die Station &#8211; der letzte Halt. Ein Landstreicher (Rutger Hauer) steigt aus dem Waggon, bereit f\u00fcr<\/p>\n","protected":false},"author":1,"featured_media":0,"parent":0,"menu_order":0,"comment_status":"closed","ping_status":"closed","template":"","meta":{"_acf_changed":false,"episode_type":"","audio_file":"","cover_image":"","cover_image_id":"","duration":"","filesize":"","date_recorded":"","explicit":"","block":"","filesize_raw":"","footnotes":""},"acf":[],"_links":{"self":[{"href":"http:\/\/www.rockin-and-rollin.de\/wordpress\/wp-json\/wp\/v2\/pages\/398"}],"collection":[{"href":"http:\/\/www.rockin-and-rollin.de\/wordpress\/wp-json\/wp\/v2\/pages"}],"about":[{"href":"http:\/\/www.rockin-and-rollin.de\/wordpress\/wp-json\/wp\/v2\/types\/page"}],"author":[{"embeddable":true,"href":"http:\/\/www.rockin-and-rollin.de\/wordpress\/wp-json\/wp\/v2\/users\/1"}],"replies":[{"embeddable":true,"href":"http:\/\/www.rockin-and-rollin.de\/wordpress\/wp-json\/wp\/v2\/comments?post=398"}],"version-history":[{"count":30,"href":"http:\/\/www.rockin-and-rollin.de\/wordpress\/wp-json\/wp\/v2\/pages\/398\/revisions"}],"predecessor-version":[{"id":10860,"href":"http:\/\/www.rockin-and-rollin.de\/wordpress\/wp-json\/wp\/v2\/pages\/398\/revisions\/10860"}],"wp:attachment":[{"href":"http:\/\/www.rockin-and-rollin.de\/wordpress\/wp-json\/wp\/v2\/media?parent=398"}],"curies":[{"name":"wp","href":"https:\/\/api.w.org\/{rel}","templated":true}]}}