{"id":10523,"date":"2023-03-01T13:38:21","date_gmt":"2023-03-01T12:38:21","guid":{"rendered":"http:\/\/www.rockin-and-rollin.de\/wordpress\/?page_id=10523"},"modified":"2023-06-11T13:48:59","modified_gmt":"2023-06-11T11:48:59","slug":"frau-schmitz-schreibt","status":"publish","type":"page","link":"http:\/\/www.rockin-and-rollin.de\/wordpress\/frau-schmitz-schreibt\/","title":{"rendered":"Frau Schmitz schreibt"},"content":{"rendered":"<div id=\"pl-10523\"  class=\"panel-layout\" ><div id=\"pg-10523-0\"  class=\"panel-grid panel-no-style\" ><div id=\"pgc-10523-0-0\"  class=\"panel-grid-cell\" ><div id=\"panel-10523-0-0-0\" class=\"so-panel widget widget_colormag_default_news_widget widget_default_news_colormag widget_featured_posts panel-first-child panel-last-child\" data-index=\"0\" >\t\t\t\t<h3 class=\"widget-title\" style=\"border-bottom-color:#e125e8;\"><span style=\"background-color:#e125e8;\">Frau Schmitz schreibt<\/span><a href=\"http:\/\/www.rockin-and-rollin.de\/wordpress\/category\/frau-schmitz-schreibt\/\" class=\"view-all-link\">View All<\/a><\/h3>\t\t<div class=\"default-news\">\n\t\t\t\t\t\t\t<div class=\"single-article clearfix\">\n\t\t\t\t\t<figure><a href=\"http:\/\/www.rockin-and-rollin.de\/wordpress\/eine-stadt-sieht-rock-n-roll\/\" title=\"Eine Stadt sieht Rock\u00b4n\u00b4Roll \u2013 Bad Nauheim\u00b4s 21. Internationales Elvis Festival\"><img loading=\"lazy\" decoding=\"async\" width=\"390\" height=\"205\" src=\"http:\/\/www.rockin-and-rollin.de\/wordpress\/wp-content\/uploads\/2023\/09\/IMG-20230830-WA0003-390x205.jpg\" class=\"attachment-colormag-featured-post-medium size-colormag-featured-post-medium wp-post-image\" alt=\"Eine Stadt sieht Rock\u00b4n\u00b4Roll \u2013 Bad Nauheim\u00b4s 21. Internationales Elvis Festival\" title=\"Eine Stadt sieht Rock\u00b4n\u00b4Roll \u2013 Bad Nauheim\u00b4s 21. Internationales Elvis Festival\" \/><\/a><\/figure>\t\t\t\t\t<div class=\"article-content\">\n\t\t\t\t\t\t<div class=\"above-entry-meta\"><span class=\"cat-links\"><a href=\"http:\/\/www.rockin-and-rollin.de\/wordpress\/category\/szene\/typen\/\" style=\"background:#71917c\" rel=\"category tag\">Aus der Szene ...<\/a>&nbsp;<a href=\"http:\/\/www.rockin-and-rollin.de\/wordpress\/category\/frau-schmitz-schreibt\/\" style=\"background:#e125e8\" rel=\"category tag\">Frau Schmitz schreibt<\/a>&nbsp;<a href=\"http:\/\/www.rockin-and-rollin.de\/wordpress\/category\/szene\/\" style=\"background:#1e73be\" rel=\"category tag\">Szene<\/a>&nbsp;<a href=\"http:\/\/www.rockin-and-rollin.de\/wordpress\/category\/frau-schmitz-schreibt\/veranstaltung\/\" style=\"background:#0e245b\" rel=\"category tag\">Veranstaltung<\/a>&nbsp;<\/span><\/div>\t\t\t\t\t\t<h3 class=\"entry-title\">\n\t\t\t\t\t\t\t<a href=\"http:\/\/www.rockin-and-rollin.de\/wordpress\/eine-stadt-sieht-rock-n-roll\/\" title=\"Eine Stadt sieht Rock\u00b4n\u00b4Roll \u2013 Bad Nauheim\u00b4s 21. Internationales Elvis Festival\">Eine Stadt sieht Rock\u00b4n\u00b4Roll \u2013 Bad Nauheim\u00b4s 21. Internationales Elvis Festival<\/a>\n\t\t\t\t\t\t<\/h3>\n\t\t\t\t\t\t<div class=\"below-entry-meta\">\n\t\t\t\t\t\t\t<span class=\"posted-on\"><a href=\"http:\/\/www.rockin-and-rollin.de\/wordpress\/eine-stadt-sieht-rock-n-roll\/\" title=\"17:18\" rel=\"bookmark\"><i class=\"fa fa-calendar-o\"><\/i> <time class=\"entry-date published\" datetime=\"2023-09-03T17:18:10+02:00\">03\/09\/2023<\/time><\/a><\/span>\t\t\t\t\t\t\t<span class=\"byline\"><span class=\"author vcard\"><i class=\"fa fa-user\"><\/i><a class=\"url fn n\" href=\"http:\/\/www.rockin-and-rollin.de\/wordpress\/author\/chris\/\" title=\"Chris\">Chris<\/a><\/span><\/span>\n\t\t\t\t\t\t\t<span class=\"comments\"><i class=\"fa fa-comment\"><\/i><span>Kommentare deaktiviert<span class=\"screen-reader-text\"> f\u00fcr Eine Stadt sieht Rock\u00b4n\u00b4Roll \u2013 Bad Nauheim\u00b4s 21. Internationales Elvis Festival<\/span><\/span><\/span>\n\t\t\t\t\t\t<\/div>\n\t\t\t\t\t\t<div class=\"entry-content\"><p>Zum bereits 21. Mal feierte Bad Nauheim, der nette Kurort in der N\u00e4he von Frankfurt am Main, das internationale Elvis Festival. Ein kompletter Ort steht Kopf \u2026 \u00fcberall Elvis, Elvis, Elvis \u2026<\/p>\n<\/div>\n\t\t\t\t\t<\/div>\n\t\t\t\t<\/div>\n\t\t\t\t\t\t\t<div class=\"single-article clearfix\">\n\t\t\t\t\t<figure><a href=\"http:\/\/www.rockin-and-rollin.de\/wordpress\/eine-grenzstadt-steht-kopf-feel-the-50s-in-venlo\/\" title=\"Eine Grenzstadt steht Kopf \u2013 Feel the 50\u00b4s in Venlo\"><img loading=\"lazy\" decoding=\"async\" width=\"390\" height=\"205\" src=\"http:\/\/www.rockin-and-rollin.de\/wordpress\/wp-content\/uploads\/2023\/06\/IMG-20230607-WA0000-390x205.jpg\" class=\"attachment-colormag-featured-post-medium size-colormag-featured-post-medium wp-post-image\" alt=\"Eine Grenzstadt steht Kopf \u2013 Feel the 50\u00b4s in Venlo\" title=\"Eine Grenzstadt steht Kopf \u2013 Feel the 50\u00b4s in Venlo\" \/><\/a><\/figure>\t\t\t\t\t<div class=\"article-content\">\n\t\t\t\t\t\t<div class=\"above-entry-meta\"><span class=\"cat-links\"><a href=\"http:\/\/www.rockin-and-rollin.de\/wordpress\/category\/szene\/typen\/\" style=\"background:#71917c\" rel=\"category tag\">Aus der Szene ...<\/a>&nbsp;<a href=\"http:\/\/www.rockin-and-rollin.de\/wordpress\/category\/frau-schmitz-schreibt\/\" style=\"background:#e125e8\" rel=\"category tag\">Frau Schmitz schreibt<\/a>&nbsp;<a href=\"http:\/\/www.rockin-and-rollin.de\/wordpress\/category\/musik\/konzerte\/\" style=\"background:#ef9f00\" rel=\"category tag\">Konzerte<\/a>&nbsp;<a href=\"http:\/\/www.rockin-and-rollin.de\/wordpress\/category\/szene\/\" style=\"background:#1e73be\" rel=\"category tag\">Szene<\/a>&nbsp;<a href=\"http:\/\/www.rockin-and-rollin.de\/wordpress\/category\/frau-schmitz-schreibt\/veranstaltung\/\" style=\"background:#0e245b\" rel=\"category tag\">Veranstaltung<\/a>&nbsp;<\/span><\/div>\t\t\t\t\t\t<h3 class=\"entry-title\">\n\t\t\t\t\t\t\t<a href=\"http:\/\/www.rockin-and-rollin.de\/wordpress\/eine-grenzstadt-steht-kopf-feel-the-50s-in-venlo\/\" title=\"Eine Grenzstadt steht Kopf \u2013 Feel the 50\u00b4s in Venlo\">Eine Grenzstadt steht Kopf \u2013 Feel the 50\u00b4s in Venlo<\/a>\n\t\t\t\t\t\t<\/h3>\n\t\t\t\t\t\t<div class=\"below-entry-meta\">\n\t\t\t\t\t\t\t<span class=\"posted-on\"><a href=\"http:\/\/www.rockin-and-rollin.de\/wordpress\/eine-grenzstadt-steht-kopf-feel-the-50s-in-venlo\/\" title=\"13:47\" rel=\"bookmark\"><i class=\"fa fa-calendar-o\"><\/i> <time class=\"entry-date published\" datetime=\"2023-06-11T13:47:05+02:00\">11\/06\/2023<\/time><\/a><\/span>\t\t\t\t\t\t\t<span class=\"byline\"><span class=\"author vcard\"><i class=\"fa fa-user\"><\/i><a class=\"url fn n\" href=\"http:\/\/www.rockin-and-rollin.de\/wordpress\/author\/chris\/\" title=\"Chris\">Chris<\/a><\/span><\/span>\n\t\t\t\t\t\t\t<span class=\"comments\"><i class=\"fa fa-comment\"><\/i><span>Kommentare deaktiviert<span class=\"screen-reader-text\"> f\u00fcr Eine Grenzstadt steht Kopf \u2013 Feel the 50\u00b4s in Venlo<\/span><\/span><\/span>\n\t\t\t\t\t\t<\/div>\n\t\t\t\t\t\t<div class=\"entry-content\"><p>Zum wiederholten Male hat am 3. Wochenende im Mai das \u201eFeel the 50\u00b4s\u201c Wochenende in Venlo stattgefunden. Leider diesmal parallel zum Walldorf Festival. Und wieder einmal traf man sich grenz\u00fcbergreifend aus Deutschland und den Niederlanden, um dieses wundervolle Festival zu feiern. Aber was ist jetzt so Besonderes an dem Spektakel?<\/p>\n<\/div>\n\t\t\t\t\t<\/div>\n\t\t\t\t<\/div>\n\t\t\t\t\t\t\t<div class=\"single-article clearfix\">\n\t\t\t\t\t<figure><a href=\"http:\/\/www.rockin-and-rollin.de\/wordpress\/der-petticoat\/\" title=\"Der Petticoat &#8211; ein Interview mit Petra M\u00fcller vom mainstreet Vintage Shop\"><img loading=\"lazy\" decoding=\"async\" width=\"390\" height=\"205\" src=\"http:\/\/www.rockin-and-rollin.de\/wordpress\/wp-content\/uploads\/2023\/03\/petra3-390x205.jpg\" class=\"attachment-colormag-featured-post-medium size-colormag-featured-post-medium wp-post-image\" alt=\"Der Petticoat &#8211; ein Interview mit Petra M\u00fcller vom mainstreet Vintage Shop\" title=\"Der Petticoat &#8211; ein Interview mit Petra M\u00fcller vom mainstreet Vintage Shop\" \/><\/a><\/figure>\t\t\t\t\t<div class=\"article-content\">\n\t\t\t\t\t\t<div class=\"above-entry-meta\"><span class=\"cat-links\"><a href=\"http:\/\/www.rockin-and-rollin.de\/wordpress\/category\/frau-schmitz-schreibt\/\" style=\"background:#e125e8\" rel=\"category tag\">Frau Schmitz schreibt<\/a>&nbsp;<a href=\"http:\/\/www.rockin-and-rollin.de\/wordpress\/category\/lifestyle\/round_about\/kleidungaccessories\/\" style=\"background:#bcaf1a\" rel=\"category tag\">Kleidung\/Accessories<\/a>&nbsp;<a href=\"http:\/\/www.rockin-and-rollin.de\/wordpress\/category\/lifestyle\/\" style=\"background:#5d966e\" rel=\"category tag\">Lifestyle<\/a>&nbsp;<a href=\"http:\/\/www.rockin-and-rollin.de\/wordpress\/category\/lifestyle\/round_about\/\" style=\"background:#5e5010\" rel=\"category tag\">Round about ...<\/a>&nbsp;<\/span><\/div>\t\t\t\t\t\t<h3 class=\"entry-title\">\n\t\t\t\t\t\t\t<a href=\"http:\/\/www.rockin-and-rollin.de\/wordpress\/der-petticoat\/\" title=\"Der Petticoat &#8211; ein Interview mit Petra M\u00fcller vom mainstreet Vintage Shop\">Der Petticoat &#8211; ein Interview mit Petra M\u00fcller vom mainstreet Vintage Shop<\/a>\n\t\t\t\t\t\t<\/h3>\n\t\t\t\t\t\t<div class=\"below-entry-meta\">\n\t\t\t\t\t\t\t<span class=\"posted-on\"><a href=\"http:\/\/www.rockin-and-rollin.de\/wordpress\/der-petticoat\/\" title=\"14:57\" rel=\"bookmark\"><i class=\"fa fa-calendar-o\"><\/i> <time class=\"entry-date published\" datetime=\"2023-03-25T14:57:17+01:00\">25\/03\/2023<\/time><\/a><\/span>\t\t\t\t\t\t\t<span class=\"byline\"><span class=\"author vcard\"><i class=\"fa fa-user\"><\/i><a class=\"url fn n\" href=\"http:\/\/www.rockin-and-rollin.de\/wordpress\/author\/chris\/\" title=\"Chris\">Chris<\/a><\/span><\/span>\n\t\t\t\t\t\t\t<span class=\"comments\"><i class=\"fa fa-comment\"><\/i><span>Kommentare deaktiviert<span class=\"screen-reader-text\"> f\u00fcr Der Petticoat &#8211; ein Interview mit Petra M\u00fcller vom mainstreet Vintage Shop<\/span><\/span><\/span>\n\t\t\t\t\t\t<\/div>\n\t\t\t\t\t\t<div class=\"entry-content\"><p>Der Petticoat &#8211; Er ist bunt, weit, flauschig, kurz oder lang, jedoch oftmals unsichtbar und dennoch unverzichtbar und pr\u00e4sent! Galt er in den 50er und 60er Jahren nur als \u201eUnterrock\u201c und durfte auf keinen Fall gezeigt werden, dient er heutzutage als Accessoire, modische Abrundung und blitzt oftmals unter den Kleidern hervor.<\/p>\n<\/div>\n\t\t\t\t\t<\/div>\n\t\t\t\t<\/div>\n\t\t\t\t\t\t\t<div class=\"single-article clearfix\">\n\t\t\t\t\t<figure><a href=\"http:\/\/www.rockin-and-rollin.de\/wordpress\/rock-and-roll-anne-raupe\/\" title=\"Rock\u00b4n\u00b4Roll anne Raupe\u2026 is back!!\"><img loading=\"lazy\" decoding=\"async\" width=\"390\" height=\"205\" src=\"http:\/\/www.rockin-and-rollin.de\/wordpress\/wp-content\/uploads\/2023\/03\/20230224_202000-390x205.jpg\" class=\"attachment-colormag-featured-post-medium size-colormag-featured-post-medium wp-post-image\" alt=\"Rock\u00b4n\u00b4Roll anne Raupe\u2026 is back!!\" title=\"Rock\u00b4n\u00b4Roll anne Raupe\u2026 is back!!\" \/><\/a><\/figure>\t\t\t\t\t<div class=\"article-content\">\n\t\t\t\t\t\t<div class=\"above-entry-meta\"><span class=\"cat-links\"><a href=\"http:\/\/www.rockin-and-rollin.de\/wordpress\/category\/szene\/typen\/\" style=\"background:#71917c\" rel=\"category tag\">Aus der Szene ...<\/a>&nbsp;<a href=\"http:\/\/www.rockin-and-rollin.de\/wordpress\/category\/frau-schmitz-schreibt\/\" style=\"background:#e125e8\" rel=\"category tag\">Frau Schmitz schreibt<\/a>&nbsp;<a href=\"http:\/\/www.rockin-and-rollin.de\/wordpress\/category\/musik\/konzerte\/\" style=\"background:#ef9f00\" rel=\"category tag\">Konzerte<\/a>&nbsp;<a href=\"http:\/\/www.rockin-and-rollin.de\/wordpress\/category\/szene\/\" style=\"background:#1e73be\" rel=\"category tag\">Szene<\/a>&nbsp;<a href=\"http:\/\/www.rockin-and-rollin.de\/wordpress\/category\/frau-schmitz-schreibt\/veranstaltung\/\" style=\"background:#0e245b\" rel=\"category tag\">Veranstaltung<\/a>&nbsp;<\/span><\/div>\t\t\t\t\t\t<h3 class=\"entry-title\">\n\t\t\t\t\t\t\t<a href=\"http:\/\/www.rockin-and-rollin.de\/wordpress\/rock-and-roll-anne-raupe\/\" title=\"Rock\u00b4n\u00b4Roll anne Raupe\u2026 is back!!\">Rock\u00b4n\u00b4Roll anne Raupe\u2026 is back!!<\/a>\n\t\t\t\t\t\t<\/h3>\n\t\t\t\t\t\t<div class=\"below-entry-meta\">\n\t\t\t\t\t\t\t<span class=\"posted-on\"><a href=\"http:\/\/www.rockin-and-rollin.de\/wordpress\/rock-and-roll-anne-raupe\/\" title=\"13:39\" rel=\"bookmark\"><i class=\"fa fa-calendar-o\"><\/i> <time class=\"entry-date published\" datetime=\"2023-03-01T13:39:03+01:00\">01\/03\/2023<\/time><\/a><\/span>\t\t\t\t\t\t\t<span class=\"byline\"><span class=\"author vcard\"><i class=\"fa fa-user\"><\/i><a class=\"url fn n\" href=\"http:\/\/www.rockin-and-rollin.de\/wordpress\/author\/chris\/\" title=\"Chris\">Chris<\/a><\/span><\/span>\n\t\t\t\t\t\t\t<span class=\"comments\"><i class=\"fa fa-comment\"><\/i><span>Kommentare deaktiviert<span class=\"screen-reader-text\"> f\u00fcr Rock\u00b4n\u00b4Roll anne Raupe\u2026 is back!!<\/span><\/span><\/span>\n\t\t\t\t\t\t<\/div>\n\t\t\t\t\t\t<div class=\"entry-content\"><p>Nach nunmehr pandemisch bedingten Ausf\u00e4llen in den letzten Jahren war es am 24.02.2023 endlich wieder so weit.<br \/>\nDie Tore der Jahrhunderthalle Bochum \u00f6ffneten sich zum 14. Historischen Jahrmarkt. Unter dem vor eisiger K\u00e4lte sch\u00fctzendem Dach der Industriehalle waren historische Karusselle wie das Riesenrad oder auch die Berg- und Talfahrt aus den 1930er aufgebaut.<\/p>\n<\/div>\n\t\t\t\t\t<\/div>\n\t\t\t\t<\/div>\n\t\t\t\t\t<\/div>\n\t\t<\/div><\/div><\/div><\/div>","protected":false},"excerpt":{"rendered":"<p>Nach nunmehr pandemisch bedingten Ausf\u00e4llen in den letzten Jahren war es am 24.02.2023 endlich wieder so weit. Die Tore der<\/p>\n","protected":false},"author":1,"featured_media":0,"parent":0,"menu_order":0,"comment_status":"closed","ping_status":"closed","template":"","meta":{"_acf_changed":false,"episode_type":"","audio_file":"","cover_image":"","cover_image_id":"","duration":"","filesize":"","date_recorded":"","explicit":"","block":"","filesize_raw":"","footnotes":""},"acf":[],"_links":{"self":[{"href":"http:\/\/www.rockin-and-rollin.de\/wordpress\/wp-json\/wp\/v2\/pages\/10523"}],"collection":[{"href":"http:\/\/www.rockin-and-rollin.de\/wordpress\/wp-json\/wp\/v2\/pages"}],"about":[{"href":"http:\/\/www.rockin-and-rollin.de\/wordpress\/wp-json\/wp\/v2\/types\/page"}],"author":[{"embeddable":true,"href":"http:\/\/www.rockin-and-rollin.de\/wordpress\/wp-json\/wp\/v2\/users\/1"}],"replies":[{"embeddable":true,"href":"http:\/\/www.rockin-and-rollin.de\/wordpress\/wp-json\/wp\/v2\/comments?post=10523"}],"version-history":[{"count":5,"href":"http:\/\/www.rockin-and-rollin.de\/wordpress\/wp-json\/wp\/v2\/pages\/10523\/revisions"}],"predecessor-version":[{"id":10695,"href":"http:\/\/www.rockin-and-rollin.de\/wordpress\/wp-json\/wp\/v2\/pages\/10523\/revisions\/10695"}],"wp:attachment":[{"href":"http:\/\/www.rockin-and-rollin.de\/wordpress\/wp-json\/wp\/v2\/media?parent=10523"}],"curies":[{"name":"wp","href":"https:\/\/api.w.org\/{rel}","templated":true}]}}